{"id":3832,"date":"2023-04-24T09:53:19","date_gmt":"2023-04-24T07:53:19","guid":{"rendered":"https:\/\/sprintax.de\/wordpress\/2014\/06\/02\/sport-ticker\/"},"modified":"2025-09-08T21:53:22","modified_gmt":"2025-09-08T19:53:22","slug":"sport-ticker","status":"publish","type":"page","link":"https:\/\/sprintax.de\/wordpress\/sport-ticker\/","title":{"rendered":"Sport-Ticker"},"content":{"rendered":"\n<p>Aktuelle (und vergangene) Ergebnisse der Sprintaxe bei Lizenzrennen und Jedermannveranstaltungen<\/p>\n\n\n\n<!--more-->\n\n\n\n<h2 class=\"wp-block-heading\">Platzierungen \/ Ergebnisse in 2025<\/h2>\n\n\n\n<h4 class=\"wp-block-heading\"><a href=\"https:\/\/my.raceresult.com\/350033\/#31_47018D\" data-type=\"link\" data-id=\"https:\/\/my.raceresult.com\/350033\/#31_47018D\">DT Swiss Burggrafen-Race in der Stromberger Schweiz, Stromberg, 6.9.2025<\/a><\/h4>\n\n\n\n<p><strong>Amateure:<\/strong><br>Niklas: Platz 32<br>Alexander: Platz 37<br>Torben: Platz 43<br><br><strong>Master 2:<\/strong><br>Dennis: Platz 2<br>Tino: Platz 21<\/p>\n\n\n\n<h4 class=\"wp-block-heading\"><a href=\"file:\/\/\/C:\/Users\/mweber6\/Downloads\/Melle%2025%20Ergebnisse.pdf\">Gro\u00dfer Preis Zentrale Autoglas, Melle, 18.8.2025<\/a><\/h4>\n\n\n\n<p><strong>Frauen:<\/strong><br>Fenja: Platz 6<\/p>\n\n\n\n<p><strong>Amateure:<\/strong><br>Niklas: Platz 2<br>Werner: Platz 24<\/p>\n\n\n\n<h4 class=\"wp-block-heading\"><a href=\"https:\/\/www.rad-net.de\/rad-net-portal\/rad-net-sportlerportrait.htm?mid=165049&amp;vorname=Niklas&amp;nachname=Lukarsch&amp;ID_Veranstaltung=41437&amp;url=modules.php%3Fname%3DAusschreibung%26mode%3Derg_detail%26ID_Veranstaltung%3D40779%26groupid%3D40779.10.200985.1&amp;url_hash=WBz36MOcIdRW0ER_08Y7782ywg2LOiJit3AfeWRFdc0\">Gro\u00dfer Preis der Stadt Troisdorf, Troisdorf, 5.7.2025<\/a><\/h4>\n\n\n\n<p><strong>Amateure:<\/strong><br>Niklas: Platz 5<br><\/p>\n\n\n\n<h4 class=\"wp-block-heading\"><a href=\"https:\/\/my.raceresult.com\/332569\/results\">Nachtuhlenrennen, Stadtlohn, 4.7.2025<\/a><\/h4>\n\n\n\n<p><strong>Amateure:<\/strong><br>Dennis: Platz 4<br>Niklas: Platz 9<\/p>\n\n\n\n<h4 class=\"wp-block-heading\"><a href=\"https:\/\/my.raceresult.com\/285078\/\">Landesverbandsmeisterschaft NRW Stra\u00dfe, Aachen, 5.5.2025<\/a><\/h4>\n\n\n\n<p><strong>Frauen:<\/strong><br>Anna: Platz 3<\/p>\n\n\n\n<p><strong>Masters 2:<\/strong><br>Niklas: Platz 1<\/p>\n\n\n\n<p><strong>Masters 3:<\/strong><br>Werner: Platz 9<br>Lars: Platz 10<\/p>\n\n\n\n<h4 class=\"wp-block-heading\"><a href=\"https:\/\/share.spurtlinie.de\/index.php\/s\/oTNZNf8dcM3m2Kw\">Lindener Bergpreis, Hannover, 1.5.2025<\/a><\/h4>\n\n\n\n<p><strong>Masters 2\/3:<\/strong><br>Niklas: Platz 3<br>Dennis: Platz 5<br><\/p>\n\n\n\n<h4 class=\"wp-block-heading\"><a href=\"https:\/\/www.rad-net.de\/rad-net-portal\/ergebnisse_3.htm?url=%2Fmodules.php%3Fname%3DAusschreibung%26ID_Veranstaltung%3D40819%26mode%3Derg_detail%26groupid%3D40819.6.198713.1&amp;url_hash=XVTW3M3y_4ayp3Xa0D7k6uxKmfi0RqBlfsQLzRiylho\" data-type=\"link\" data-id=\"https:\/\/www.rad-net.de\/rad-net-portal\/ergebnisse_3.htm?url=%2Fmodules.php%3Fname%3DAusschreibung%26ID_Veranstaltung%3D40819%26mode%3Derg_detail%26groupid%3D40819.6.198713.1&amp;url_hash=XVTW3M3y_4ayp3Xa0D7k6uxKmfi0RqBlfsQLzRiylho\">Offene Bergmeisterschaft NRW sponsered by die thiel gruppe, Bilster Berg, 21.04.2025<\/a><\/h4>\n\n\n\n<p><strong>Masters 2:<\/strong><br>Niklas: Platz 1<\/p>\n\n\n\n<p><strong>Masters 3:<\/strong><br>Lars: Platz 8<br>Dario: Platz 16<br>Werner: Platz 17<\/p>\n\n\n\n<p><strong>Frauen:<\/strong><br>Lea: Platz 13<br>Susan: Platz 19<br><\/p>\n\n\n\n<h4 class=\"wp-block-heading\"><a href=\"https:\/\/onedrive.live.com\/?redeem=aHR0cHM6Ly8xZHJ2Lm1zL2IvYy9mMDAyYmRhNWJlMzE2ZTdkL0VYNlNxQTVOMDQxRGcyOWhEakdZYnZ3QnZXWVJWVnpPSWpjWldYdk1oVGNMVlE%5FZT03Sm12UUU&amp;cid=F002BDA5BE316E7D&amp;id=F002BDA5BE316E7D%21s0ea8927ed34d438d836f610e31986efc&amp;parId=F002BDA5BE316E7D%21628&amp;o=OneUp\">Rund um Steinfurt, Steinfurt, 13.04.2025<\/a><\/h4>\n\n\n\n<p><strong>Masters 2, 3, 4:<\/strong><br>Dennis: Platz 2<\/p>\n\n\n\n<p><strong>Elite Amateure:<\/strong><br>Niklas: Platz 55<\/p>\n\n\n\n<h4 class=\"wp-block-heading\"><a href=\"https:\/\/spurtlinie.de\/runde-von-bissendorf-25\/#Ergebnis\" data-type=\"link\" data-id=\"https:\/\/spurtlinie.de\/runde-von-bissendorf-25\/#Ergebnis\">Runde von Bissendorf, Bissendorf, 06.04.2025<\/a><\/h4>\n\n\n\n<p><strong>Amateure:<\/strong><br>Alexander: Platz 15<br>Torben: Platz 25<\/p>\n\n\n\n<p><strong>Elite Amateure:<\/strong><br>Niklas: Platz 18<\/p>\n\n\n\n<p><strong>Masters 2:<\/strong><br>Dennis: Platz 1<\/p>\n\n\n\n<p><strong>Masters 3:<\/strong><br>Lars: Platz 8<\/p>\n\n\n\n<h4 class=\"wp-block-heading\"><a href=\"https:\/\/my.raceresult.com\/325335\/#21_45934B\">1. Volksbank Giro Glandorf, Glandorf, 26.03.2025<\/a><\/h4>\n\n\n\n<p><strong>Senioren 2:<\/strong><br>Niklas: Platz 1<br>Dennis: Platz 5<br>Tino: Platz 22<\/p>\n\n\n\n<p><strong>Amateure:<\/strong><br>Max W.: Platz 36<\/p>\n\n\n\n<h4 class=\"wp-block-heading\"><a href=\"https:\/\/onedrive.live.com\/?redeem=aHR0cHM6Ly8xZHJ2Lm1zL2IvYy9mMDAyYmRhNWJlMzE2ZTdkL0VjWFVDRDJGNmcxSG4zUzBVc0o1OGVBQmpkRHhVOEVTd1NCRWRhS0RhU1ZjUFE%5FZT05czdkWWs&amp;cid=F002BDA5BE316E7D&amp;id=F002BDA5BE316E7D%21s3d08d4c5ea85470d9f74b452c279f1e0&amp;parId=F002BDA5BE316E7D%21628&amp;o=OneUp\">11. Herforder Fr\u00fchjahrspreis, Herford, 16.03.2025<\/a><\/h4>\n\n\n\n<p><strong>Amateure:<\/strong><br>Torben: Platz 42<br>Marcel: DNF<\/p>\n\n\n\n<p><strong>Frauen:<\/strong><br>Anna: Platz 11<br>Fenja: Platz 18<\/p>\n\n\n\n<p><strong>Masters 2:<\/strong><br>Niklas: Platz 2<br>Dennis: Platz 6<br>Christian: Platz 20<br>Tino: Platz 38<\/p>\n\n\n\n<p><strong>Masters 3:<\/strong><br>Lars: Platz 16<br>Dario: Platz 17<br>Werni: Platz 24<\/p>\n\n\n\n<h4 class=\"wp-block-heading\"><a href=\"https:\/\/my.raceresult.com\/323286\/\">Poco-Cup Werne, Werne, 01.03.2025<\/a><\/h4>\n\n\n\n<p><strong>Frauen:<\/strong><br>Anna: Platz 3<\/p>\n\n\n\n<p><strong>Senioren 2\/3:<\/strong><br>Lars: Platz 26<\/p>\n\n\n\n<h2 class=\"wp-block-heading\">Platzierungen \/ Ergebnisse in 2024<\/h2>\n\n\n\n<h4 class=\"wp-block-heading\"><a href=\"https:\/\/my.raceresult.com\/303508\/\">4. Rund um die Telgter Windr\u00e4der, Telgte, 29.09.2024<\/a><\/h4>\n\n\n\n<p><strong>Amateure:<\/strong><br>Dennis: Platz 5<br><br><strong>Hobby:<\/strong><br>Tino: Platz 15<br><br><strong>Frauen:<\/strong><br>Anna: Platz 4<\/p>\n\n\n\n<h4 class=\"wp-block-heading\"><a href=\"https:\/\/my.raceresult.com\/276377\/\">2. Eicklinger Einzelzeitfahren, Eicklingen, 22.09.2024<\/a><\/h4>\n\n\n\n<p><strong>M\u00e4nner:<\/strong><br>Dario: Platz 6<\/p>\n\n\n\n<h4 class=\"wp-block-heading\"><a href=\"https:\/\/gironagravelworldseries.com\/wp-content\/uploads\/2024\/09\/Classificacacio-Gravel-Sea-Otter24-Category.pdf\">SEA OTTER EUROPE GRAVEL WORLD SERIES 2024, Girona, 21.09.2024<\/a><\/h4>\n\n\n\n<p><strong>M35-39:<\/strong><br>Niklas: Platz 12<\/p>\n\n\n\n<h4 class=\"wp-block-heading\"><br><a href=\"https:\/\/spurtlinie.de\/brackwede24\/#Start\">58. Brackweder Radrennen, Bielefeld, 15.9.2024<\/a><\/h4>\n\n\n\n<p><strong>Frauen:<\/strong><br>Anna: Platz 5<\/p>\n\n\n\n<p><strong>Amateure:<\/strong><br>Niklas: Platz 23<br>Max W.: Platz 27<\/p>\n\n\n\n<p><strong>Masters 2:<\/strong><br>Dennis: Platz 2<\/p>\n\n\n\n<p><strong>Masters 3:<\/strong><br>Werner: Platz 10<br>Lars: Platz 12<br>Dario: Platz 13<\/p>\n\n\n\n<p><strong>Masters 4:<\/strong><br>Joachim S.: Platz 16<\/p>\n\n\n\n<p><strong>Hobby:<\/strong><br>Tino: Platz 10<br>Jan S.: Platz 11<\/p>\n\n\n\n<h4 class=\"wp-block-heading\"><a href=\"https:\/\/my.raceresult.com\/297445\/\">DT Swiss Burggrafen-Race in der Stromberger Schweiz, Stromberg, 7.9.2024<\/a><\/h4>\n\n\n\n<p><strong>Amateure:<\/strong><br>Niklas: Platz 6<br>Dennis: Platz 8<br>Gunnar: Platz 27<br>Max W.: Platz 34<br><br><strong>Master 3:<\/strong><br>Lars: Platz 11<br>Werner: Platz 15<br><br><strong>Elite FT \/ Frauen:<\/strong><br>Anna: Platz 1<br><br><strong>Jedermann Herren:<\/strong><br>Tino: Platz 17<\/p>\n\n\n\n<h4 class=\"wp-block-heading\"><a href=\"https:\/\/my.raceresult.com\/286277\/results\">20. Lehrter Einzelzeitfahren, Lehrte, 07.09.2024<\/a><\/h4>\n\n\n\n<p><strong>M\u00e4nner gesamt:<\/strong><br>Dario: Platz 8<\/p>\n\n\n\n<h4 class=\"wp-block-heading\"><a href=\"https:\/\/www.datasport.com\/live\/ranking\/?racenr=26423\">\u00d6tztaler Radmarathon 2024, S\u00f6lden, 1.9.2024<\/a><\/h4>\n\n\n\n<p><strong>Frauen:<\/strong><br>Anna: 08:18.30,9h \/ AK Platz 3 \/ Gesamt Frauen Platz 9<br>Gisela: 11:18.07,6h \/ AK Platz 51 \/ Gesamt Frauen Platz 157<br><br><strong>M\u00e4nner:<\/strong><br>Christian: 08:10.48,9h\/ AK Platz 84 \/ Gesamt M\u00e4nner Platz 208<br>Felix S.: 10.34.09,9h \/ AK Platz 590 \/ Gesamt M\u00e4nner Platz 1834<br>Frederik: 08:44.49,0h \/ AK Platz 201 \/ Gesamt M\u00e4nner Platz 437<br>Jan H.: 12:15.08,8h \/ AK Platz 1216 \/ Gesamt M\u00e4nner Platz 3076<br>Martin: 10:00.07,4h \/ AK Platz 243 \/ Gesamt M\u00e4nner Platz 1341<br>Max B.: 07:33.23,9h \/ AK Platz 35 \/ Gesamt M\u00e4nner Platz 54<br>Ragnar: 09:19.41,2h \/ AK Platz 103 \/ Gesamt M\u00e4nner Platz 779<\/p>\n\n\n\n<h4 class=\"wp-block-heading\"><a href=\"https:\/\/www.sportstiming.dk\/event\/13162\/results?round=71886\">UCI Gran Fondo World Championships, Aalborg (DK), 29.8.2024 &#8211; 1.9.2024<\/a><\/h4>\n\n\n\n<p><strong>Einzelzeitfahren:<\/strong><br>Susan: AK Platz 18 \/ Gesamt Frauen Platz 92<br>Svea: AK Platz 12 \/ Gesamt Frauen Platz 63<br><br><strong>Stra\u00dfenrennen:<\/strong><br>Lea: AK Platz 46 \/ Gesamt Frauen Platz 86<br>Susan: AK Platz 29 \/ Gesamt Frauen Platz 114<br>Svea: AK Platz 11 \/ Gesamt Frauen Platz 14<\/p>\n\n\n\n<h4 class=\"wp-block-heading\"><a href=\"https:\/\/www.rad-net.de\/rad-net-portal\/ergebnisse_3.htm?url=%2Fmodules.php%3Fname%3DAusschreibung%26ID_Veranstaltung%3D38824%26mode%3Derg_detail%26groupid%3D38824.3.195684.1&amp;url_hash=XfVWlIIcdQ23VT40iDypVXZ2OlLauQblkzcoKYyRbCs\">50. Int. Meisterschaft von Dortmund, 1.9.2024<\/a><\/h4>\n\n\n\n<p><strong>Amateure:<\/strong><br>Niklas: Platz 2<\/p>\n\n\n\n<h4 class=\"wp-block-heading\"><a href=\"https:\/\/my.raceresult.com\/298017\/results#30_6D38E8\">37. Steinfurter Abendrennen, 31.8.2024<\/a><\/h4>\n\n\n\n<p><strong>Amateure:<\/strong><br>Dennis: Platz 4<br>Niklas: Platz 5<\/p>\n\n\n\n<h4 class=\"wp-block-heading\"><a href=\"file:\/\/\/C:\/Users\/mweber6\/Downloads\/Melle%2024%20Ergebnisse-1.pdf\">Gro\u00dfer Preis Zentrale Autoglas, Melle, 26.8.2024<\/a><\/h4>\n\n\n\n<p><strong>Frauen:<\/strong><br>Anna: Platz 4<br>Susan: Platz 17<\/p>\n\n\n\n<p><strong>Amateure:<\/strong><br>Dennis: Platz 1<br>Christian: Platz 14<br>Max: Platz 32<\/p>\n\n\n\n<h4 class=\"wp-block-heading\"><a href=\"https:\/\/www.igaswendland.de\/2024\/ErgStundeBanzau2024.html\">Die Stunde von Banzau (EZ), 4.8.2024<\/a><\/h4>\n\n\n\n<p><strong>Frauen:<\/strong><br>Susan: Platz 2, AK Platz 1<br><strong>M\u00e4nner:<\/strong><br>Dario: Platz 5, AK Platz 2<br><\/p>\n\n\n\n<h4 class=\"wp-block-heading\"><a href=\"https:\/\/www.datasport.de\/anmeldeservice\/radamring2024\/ergebnisse\">Rad am Ring, 19.-21.7.2024<\/a><\/h4>\n\n\n\n<p><strong>Zeitfahren<\/strong><br>Lea: Platz 4, AK Platz 2<br><br><strong>24h 2er Team<\/strong><br>Lea und Tim: Platz 42, AK Platz 9<br><br><strong>150km Jedermann<br>Frauen:<\/strong><br>Anna: Platz 1, AK Platz 1<br><strong>M\u00e4nner:<\/strong><br>Werner: DNF<br><\/p>\n\n\n\n<h4 class=\"wp-block-heading\"><a href=\"https:\/\/my.raceresult.com\/291723\/#1_EDF8E5\">10. Kotzener Einzelzeitfahren, 7.7.2024, Kotzen<\/a><\/h4>\n\n\n\n<p><strong>Frauen:<\/strong><br>Susan: Platz 9, AK Platz 7<br><br><strong>M\u00e4nner:<\/strong><br>Dario: Platz 22, AK Platz 2<br><\/p>\n\n\n\n<h4 class=\"wp-block-heading\"><a href=\"https:\/\/classic.rad-net.de\/modules.php?name=Ausschreibung&amp;mode=erg_detail&amp;ID_Veranstaltung=39601&amp;groupid=39601.1.193770.1\"><strong>25. Kleiner Preis von Buchholz, 9.6.2024<\/strong>, Buchholz<\/a><\/h4>\n\n\n\n<p><strong>Amateure:<\/strong><br>Malte: Platz 11<br><\/p>\n\n\n\n<h4 class=\"wp-block-heading\"><a href=\"https:\/\/www.acn-timing.com\/?lng=FR#\/events\/2159367822561829\/ctx\/20240601_ballons\/generic\/198022_1\/home\/OFF1\">Les 3 Ballons Chef de File, 1.6.2024, Ronchamp<\/a><\/h4>\n\n\n\n<p>Lars: Platz 281, AK Platz 22<br><\/p>\n\n\n\n<h4 class=\"wp-block-heading\"><a href=\"http:\/\/Offene Westfalen- und Regionenmeisterschaften\">Offene Westfalen- und Regionenmeisterschaften, 30.5.2024, Paderborn<\/a><\/h4>\n\n\n\n<p><strong>Frauen:<\/strong><br>Anna: Platz 2 (OWL-Meisterin)<br>Lea-Sophie: Platz 6 (OWL Platz 3)<br>Fenja: Platz 9<br>Susan: Platz 11<br><br><strong>Master 2:<\/strong><br>Christian: Platz 6 (Vize OWL-Meister)<br><br><strong>Master 3:<\/strong><br>Lars: Platz 5 (OWL-Meister)<br>Dario: Platz 16 (Vize OWL-Meister)<br>Werner: Platz 18<br><br><strong>Amateure:<\/strong><br>Niklas: Platz 21<br>Max B.: Platz 37<br>Felix S.: DNF<br><\/p>\n\n\n\n<h4 class=\"wp-block-heading\"><a href=\"https:\/\/www.rundumkoeln.de\/ergebnisse\/\">Rund um K\u00f6ln, 25.-26.5.2024<\/a><\/h4>\n\n\n\n<p><strong>Lizenzrennen:<\/strong><br>Felix: Platz 21<br><br><strong>Velodom 130:<\/strong><br>Anna: Platz 1, AK Platz 1<br><\/p>\n\n\n\n<h4 class=\"wp-block-heading\">Schleck Medio Fondo, Mondorf-les-Bains, 25.5.2024<\/h4>\n\n\n\n<p><strong>Frauen:<\/strong><br>Lea-Sophie: AK 4<br>Susan: AK 6<\/p>\n\n\n\n<p><strong>M\u00e4nner:<\/strong><br>Dario: AK 8<\/p>\n\n\n\n<h4 class=\"wp-block-heading\">Rundstreckenrennen in Lehndorf, 25.5.2024<\/h4>\n\n\n\n<p><strong>Amateure:<\/strong><br>Malte: DNF<br><\/p>\n\n\n\n<h4 class=\"wp-block-heading\"><a href=\"https:\/\/www.rad-net.de\/rad-net-portal\/rad-net-ausschreibungen.htm?name=Ausschreibung&amp;mode=erg_detail&amp;ID_Veranstaltung=23947&amp;groupid=23947.1.120973&amp;url=modules.php%3Fname%3DAusschreibung%26mode%3Derg_detail%26ID_Veranstaltung%3D38685%26groupid%3D38685.15.192671.1&amp;url_hash=un-87nlIwIQQj7AFGbC1NObBQghSgg_CDLuIP5ZtILw\">26. Werniger\u00f6der Radsporttage, 25.5.2024<\/a><\/h4>\n\n\n\n<p><strong>Masters 2:<\/strong><br>Christian, Platz 8<\/p>\n\n\n\n<p><strong>Masters 3:<\/strong><br>Werner, Platz 20<\/p>\n\n\n\n<h4 class=\"wp-block-heading\"><a href=\"https:\/\/my.raceresult.com\/287146\/results\">3Rides Festival, Aachen, 12.5.2024<\/a><\/h4>\n\n\n\n<p><strong>Gravel:<\/strong><br>Niklas: Platz 127, AK Platz 23<\/p>\n\n\n\n<p><strong>Gran Fondo:<\/strong><br>Werner: Platz 820, AK Platz 45<br>Gisela: Platz 113, AK Platz 1<\/p>\n\n\n\n<h4 class=\"wp-block-heading\"><a href=\"https:\/\/www.datasport.de\/anmeldeservice\/tourdenergie2024\/ergebnisse#1_09C0EE\" target=\"_blank\" rel=\"noreferrer noopener\">Tour d&#8217;Energie G\u00f6ttingen, 28.4.2024<\/a><\/h4>\n\n\n\n<p><strong>Frauen:<\/strong><br>Lea: Platz 2, Altersklasse (AK) Platz 1, Bergk\u00f6nigin<\/p>\n\n\n\n<p><strong>M\u00e4nner:<\/strong><br>Felix S.: Platz 362, AK Platz 123<br>Holger: Platz 1075, AK Platz 201<br>Joachim S.: Platz 726, AK Platz 32<br>Max W.: Platz 85, AK Platz 31<br>Jan: Platz 697, AK Platz 111<\/p>\n\n\n\n<p><strong>Team (Lea, Felix S., Jan, Max W.):<\/strong><br>Rang 25<\/p>\n\n\n\n<h4 class=\"wp-block-heading\"><a href=\"file:\/\/\/C:\/Users\/mweber6\/Downloads\/Ergebnisse_Bissendorf_210424.pdf\">Runde von Bissendorf, Bissendorf, 21.4.2024<\/a><\/h4>\n\n\n\n<p><strong>Elite Amateure:<\/strong><br>Niklas: Platz 11<\/p>\n\n\n\n<p><strong>Amateure:<\/strong><br>Max W.: Platz 31<br>Gunnar: DNF<\/p>\n\n\n\n<p><strong>Masters 2:<\/strong><br>Dennis: Platz 10<\/p>\n\n\n\n<h4 class=\"wp-block-heading\"><a href=\"https:\/\/onedrive.live.com\/?authkey=%21AH8MS1WrtOxVaTI&amp;id=F002BDA5BE316E7D%214593&amp;cid=F002BDA5BE316E7D&amp;parId=root&amp;parQt=sharedby&amp;o=OneUp\">Rund um Steinfurt, Steinfurt, 14.4.2024<\/a><\/h4>\n\n\n\n<p><strong>Elite Amateure:<\/strong><br>Niklas: Platz 68<\/p>\n\n\n\n<p><strong>Amateure:<\/strong><br>Gunnar: DNF<br>Malte: DNF<\/p>\n\n\n\n<p><strong>Masters 2, 3, 4:<\/strong><br>Dennis: Platz 11<br><\/p>\n\n\n\n<h4 class=\"wp-block-heading\"><a href=\"https:\/\/www.rad-net.de\/rad-net-portal\/ergebnisse_3.htm?url=%2Fmodules.php%3Fname%3DAusschreibung%26rnswp_disziplin%3D1%26ID_Veranstaltung%3D39396%26mode%3Derg_detail&amp;url_hash=hs10gLPIJSotnf5Mm2phA25XCvO6ioNhRWINHczHdRA\"><strong>Offene Bergmeisterschaft NRW<\/strong>, Bilster Berg, 1.4.2024<\/a><\/h4>\n\n\n\n<p><strong>Frauen Elite:<\/strong><br>Anna: Platz 6<br>Lea: Platz 14<br><br><strong>Master 3:<\/strong><br>Lars: Platz 12<br><br><strong>Master 2:<\/strong><br>Christian: Platz 11<\/p>\n\n\n\n<h4 class=\"wp-block-heading\"><br><a href=\"https:\/\/onedrive.live.com\/?authkey=%21AK5BQ5L7dqq6JJ0&amp;id=F002BDA5BE316E7D%214460&amp;cid=F002BDA5BE316E7D&amp;parId=root&amp;parQt=sharedby&amp;o=OneUp\">10. Herforder Fr\u00fchjahrspreis, Herford, 17.3.2024<\/a><\/h4>\n\n\n\n<p><strong>Frauen Elite:<\/strong><br>Susan: Platz 24<br><br><strong>Elite Amateure:<\/strong><br>Niklas: DNF<br><br><strong>Amateure:<\/strong><br>Lukas: DNF<br>Malte: DNF<br><br><strong>Master 2:<\/strong><br>Christian: Platz 14<br>Tino: DNF<br>Dennis: DNF<br><br><strong>Masters 3:<\/strong><br>Lars: Platz 14<br>Dario: Platz 20<br><br><strong>Masters 4:<\/strong><br>Joachim S.: Platz 10<\/p>\n\n\n\n<h2 class=\"wp-block-heading\">Platzierungen \/ Ergebnisse in 2023<\/h2>\n\n\n\n<h4 class=\"wp-block-heading\"><strong><a href=\"https:\/\/drive.google.com\/drive\/folders\/1RFo7dm-3vIzc8ncsdKeN8exPBWRpyy13\">24. Stadler Weser-Ems Cup 2023\/2024, Melle, 31.12.2023<\/a><\/strong><\/h4>\n\n\n\n<p><strong>Master 4:<\/strong><br>Joachim S.: Platz 9<br><br><strong>Frauen<\/strong> <strong>Elite:<\/strong><br>Anna: Platz 6<br>Susan: Platz 7<\/p>\n\n\n\n<h4 class=\"wp-block-heading\"><strong><a href=\"https:\/\/www.rad-net.de\/rad-net-portal\/ergebnisse_5.htm?url=%2Fmodules.php%3Fname%3DAusschreibung%26rnswp_disziplin%3D4%26ID_Veranstaltung%3D38744%26mode%3Derg_detail&amp;url_hash=RAw-J1tJT61ziPQORxR1ACAJDePnPAiYLhv_8zoLtt8\">24. Stadler Weser-Ems Cup 2023\/2024, Rheine, 10.12.2023<\/a><\/strong><\/h4>\n\n\n\n<p><strong>Master 4:<\/strong><br>Joachim S.: Platz 4<br><br><strong>Frauen<\/strong> <strong>Elite:<\/strong><br>Susan: Platz 11<\/p>\n\n\n\n<h4 class=\"wp-block-heading\"><a href=\"https:\/\/www.rad-net.de\/rad-net-portal\/ergebnisse_5.htm?url=%2Fmodules.php%3Fname%3DAusschreibung%26rnswp_disziplin%3D4%26ID_Veranstaltung%3D38688%26mode%3Derg_detail%26groupid%3D38688.7.189717.2&amp;url_hash=PkqPQuzv542Uer_cdKqrDPu9UXl9K7kg6gIkZBEXH4o\">NRW-Cross-Cup &#8211; 2. Lauf, Emsdetten, 22.10.2023<\/a><\/h4>\n\n\n\n<p><strong>Master 4:<\/strong><br>Joachim S.: Platz 8<br><\/p>\n\n\n\n<h4 class=\"wp-block-heading\"><a href=\"https:\/\/www.abavent.de\/anmeldeservice\/riderman2023\/ergebnisse\">RiderMan, 22. &#8211; 24.09.2023<\/a><\/h4>\n\n\n\n<p><strong>Susan:<\/strong><br>1. Etappe: Frauen Platz 41, AK Platz 18<br>2. Etappe: Frauen Platz 35, AK Platz 18<br>3. Etappe: Frauen Platz 40, AK Platz 19<br>Gesamt: 7:43.56h, AK Platz 18, Frauen Platz 35<br><br><strong>Dario:<\/strong><br>1. Etappe: M\u00e4nner Platz 244, AK Platz 24<br>2. Etappe: M\u00e4nner Platz 292, AK Platz 32<br>3. Etappe: M\u00e4nner Platz 573, AK Platz 80<br>Gesamt: 7:28:48h, AK Platz 41, M\u00e4nner Platz 350<br><br><strong>Anna:<br><\/strong>1. Etappe: Frauen Platz 16, AK Platz 5<br>2. Etappe: DNF<br>3. Etappe: DNS<br>Gesamt: 0:26:26h, AK Platz 17, Frauen Platz 51<br><\/p>\n\n\n\n<h4 class=\"wp-block-heading\"><a rel=\"noreferrer noopener\" href=\"http:\/\/www.bildchen-sprint.de\" target=\"_blank\">29. Bildchen-Sprint, 17.09.2023<\/a><\/h4>\n\n\n\n<p><strong>Frauen:<\/strong><br>Anna: Platz 1, AK Platz 1<br><br><strong>M\u00e4nner:<\/strong><br>Joachim: Senioren 3: Platz 2<\/p>\n\n\n\n<h4 class=\"wp-block-heading\"><br><a href=\"https:\/\/www.vereinonline.org\/Postsportverein_Uelzen_eV3\/?download=20230903230513_Ergebnis_Olmsruh_2023_mw_mit_AK.pdf\">Olmsruh 3&#215;10 (Einzelzeitfahren), 3.09.2023<\/a><\/h4>\n\n\n\n<p><strong>Frauen:<\/strong><br>Susan: Platz 3, AK Platz 1<\/p>\n\n\n\n<p><strong>M\u00e4nner:<\/strong><br>Dario: Platz 20, AK Platz 4<\/p>\n\n\n\n<h4 class=\"wp-block-heading\"><a href=\"https:\/\/my.raceresult.com\/248078\/\">3. Rund um die Telgter Windr\u00e4der, 3.09.2023<\/a><\/h4>\n\n\n\n<p><strong>Frauen:<\/strong><br>Anna: Platz 6<\/p>\n\n\n\n<p><strong>Amateure:<\/strong><br>Niklas: Platz 2<br>Gunnar: Platz 37<br>Max W.: Platz 38<\/p>\n\n\n\n<p><strong>Masters 2:<\/strong><br>Christian: Platz 25<\/p>\n\n\n\n<p><strong>Masters 3:<\/strong><br>Werner: Platz 20<\/p>\n\n\n\n<p><strong>Masters 4:<\/strong><br>Joachim S.: Platz 18 <\/p>\n\n\n\n<p><strong>Hobby:<\/strong><br>Felix S.: Platz 25<\/p>\n\n\n\n<h4 class=\"wp-block-heading\"><a href=\"https:\/\/spurtlinie.de\/brackwede-2023\/\">57. Brackweder Radrennen, 27.08.2023<\/a><\/h4>\n\n\n\n<p><strong>Frauen:<\/strong><br>Anna: Platz 7<br>Susan: Platz 8<\/p>\n\n\n\n<p><strong>Amateure:<\/strong><br>Niklas: Platz 14<br>Max W.: Platz 21<br>Gunnar: Platz 22<\/p>\n\n\n\n<p><strong>Masters 2:<\/strong><br>Christian: Platz 5<\/p>\n\n\n\n<p><strong>Masters 3:<\/strong><br>Dario: Platz 10<br>Werner: Platz 14<\/p>\n\n\n\n<p><strong>Masters 4:<\/strong><br>Joachim S.: Platz 5<\/p>\n\n\n\n<p><strong>Hobby:<\/strong><br>Dennis: Platz 1<br>Felix S.: Platz 6<\/p>\n\n\n\n<h4 class=\"wp-block-heading\"><a href=\"https:\/\/spurtlinie.de\/melle-2023\/\" data-type=\"link\" data-id=\"https:\/\/spurtlinie.de\/melle-2023\/\">Gro\u00dfer Preis &#8222;Zentrale Autoglas&#8220;, Melle, 20.08.2023<\/a><\/h4>\n\n\n\n<p><strong>Frauen:<br><\/strong>Susan: Platz 9<\/p>\n\n\n\n<p><strong>Amateure:<\/strong><br>Niklas: Platz 3<br>Gunnar: Platz 34<br>Max W.: DNF<\/p>\n\n\n\n<p><strong>Masters 3:<br><\/strong>Dario: Platz 13<br>Werner: Platz 16<\/p>\n\n\n\n<h4 class=\"wp-block-heading\"><a href=\"https:\/\/my.raceresult.com\/252693\/results\">13. Runde von Hommersum mit NRW-Meisterschaft, 19.08.2023<\/a><\/h4>\n\n\n\n<p><strong>Masters 3:<\/strong><br>Lars: Platz 2<\/p>\n\n\n\n<h4 class=\"wp-block-heading\"><a rel=\"noreferrer noopener\" href=\"https:\/\/balancer.pentek-timing.at\/results.html?pnr=14316&amp;cnr=1\" target=\"_blank\">Arlberg Giro, \u00d6sterreich, 30.07.2023<\/a><\/h4>\n\n\n\n<p><strong>Frauen:<br><\/strong>Anna: Platz 9, AK Platz 7<br>Gisela: Platz 48, AK Platz 6<br><br><strong>M\u00e4nner:<\/strong><br>Dirk G: Platz 396, AK Platz 95<br>G\u00fcnter: Platz 553, AK Platz 29<br>Ragnar: Platz 272, AK Platz 47<br>Ulli: Platz 912, AK Platz 87<br>Werner: Platz 427, AK Platz 107<\/p>\n\n\n\n<h4 class=\"wp-block-heading\"><a href=\"https:\/\/www.rad-net.de\/rad-net-portal\/rad-net-ergebnisse.htm?url=%2Fmodules.php%3Fname%3DAusschreibung%26rnswp_disziplin%3D1%26ID_Veranstaltung%3D37755%26mode%3Derg_detail%26groupid%3D37755.5.187781.2&amp;url_hash=VJhdU8HJ7ieed9CPQ6URG8M_SR90PNRoD3JjPs8_mR0\" target=\"_blank\" rel=\"noreferrer noopener\">30. Uni-Radrennen, Wuppertal, 29.07.2023<\/a><\/h4>\n\n\n\n<p>Lars: Platz 11<\/p>\n\n\n\n<h4 class=\"wp-block-heading\"><a rel=\"noreferrer noopener\" href=\"https:\/\/www.abavent.de\/anmeldeservice\/radamring2023\/ergebnisse#12_9778B9\" target=\"_blank\">Rad am Ring 75km Rennen, 22.07.2023 <\/a><\/h4>\n\n\n\n<p><strong>Frauen:<br><\/strong>Anna: Platz 1<br>Susan: Platz 9, AK Platz 3<\/p>\n\n\n\n<p><strong>M\u00e4nner:<\/strong><br>Christian: Platz 41, AK Platz 10<br>Paul G.: Platz 75, AK Platz 6<br>Werner: Platz 145, AK Platz 17<br>Dario: Platz 174, AK Platz 24<\/p>\n\n\n\n<h4 class=\"wp-block-heading\"><a rel=\"noreferrer noopener\" href=\"https:\/\/www.abavent.de\/anmeldeservice\/radamring2023\/ergebnisse#10_110E98\" target=\"_blank\">Rad am Ring Zeitfahren 22km, 21.07.2023<\/a><\/h4>\n\n\n\n<p><strong>M\u00e4nner:<\/strong><br>Dario: Platz 26, AK Platz 6<\/p>\n\n\n\n<p><strong>Frauen:<\/strong><br>Susan: Platz 9, AK Platz 3<\/p>\n\n\n\n<h4 class=\"wp-block-heading\"><a rel=\"noreferrer noopener\" href=\"https:\/\/www.strassenlauf.org\/va_ergebnisse.php?id=784\" target=\"_blank\">Einzelzeitfahren Radkampftage, <strong>Truppen\u00fcbungsplatz Lehnin<\/strong>, 16.07.2023<\/a><\/h4>\n\n\n\n<p><strong>M\u00e4nner:<\/strong><br>Dario: Platz 20, AK Platz 4<\/p>\n\n\n\n<p><strong>Frauen:<\/strong><br>Susan: Platz 3<\/p>\n\n\n\n<h4 class=\"wp-block-heading\"><a rel=\"noreferrer noopener\" href=\"https:\/\/www.strassenlauf.org\/va_ergebnisse.php?id=779&amp;match=-1\" target=\"_blank\">Stra\u00dfenrennen Radkampftage, <strong>Truppen\u00fcbungsplatz Lehnin<\/strong>, 15.07.2023<\/a><\/h4>\n\n\n\n<p><br><strong>Master 3:<br><\/strong>Werner: Platz 1<br>Dario: Platz 6<\/p>\n\n\n\n<p><strong>Frauen:<br><\/strong>Susan: Platz 3<br>Anna: Platz 4<\/p>\n\n\n\n<h4 class=\"wp-block-heading\"><a rel=\"noreferrer noopener\" href=\"https:\/\/www.datasport.com\/live\/ranking?racenr=25423&amp;q=Sprintax\" target=\"_blank\">\u00d6tztaler Radmarathon, S\u00f6lden, 09.07.2023<\/a><\/h4>\n\n\n\n<p>Maximilian B. 8:15h<br>Dirk T. 12:23h<br>G\u00fcnter  12:48h<\/p>\n\n\n\n<h4 class=\"wp-block-heading\"><a href=\"https:\/\/zpn-timing.de\/web\/public\/result_new.php?eventid=380&amp;startklasse=0\" target=\"_blank\" rel=\"noreferrer noopener\">Senioren Meisterschaften, G\u00f6rlitz, 02.07.2023<\/a><\/h4>\n\n\n\n<p>Werner: Platz 28<br>Lars: Platz 37<br>Dario: Platz 43<\/p>\n\n\n\n<h4 class=\"wp-block-heading\"><a href=\"https:\/\/zpn-timing.de\/web\/public\/result_new.php?eventid=380&amp;startklasse=8\" target=\"_blank\" rel=\"noreferrer noopener\">Jedermannrennen Frauen, G\u00f6rlitz, 02.07.2023<\/a><\/h4>\n\n\n\n<p>Anna: Platz 1<br>Susan: Platz 5<\/p>\n\n\n\n<h4 class=\"wp-block-heading\"><a rel=\"noreferrer noopener\" href=\"https:\/\/my.raceresult.com\/231702\/results\" target=\"_blank\">Zeitfahrcup, G\u00f6ttingen, 25.06.2023<\/a><\/h4>\n\n\n\n<p><strong>M\u00e4nner:<\/strong><br>Dario: Platz 22, AK 3<br>Lars: Platz 24, AK 4<\/p>\n\n\n\n<p><strong>Frauen:<\/strong><br>Susan: Platz 1<\/p>\n\n\n\n<p><strong>Teamwertung <\/strong>Platz 2<\/p>\n\n\n\n<h4 class=\"wp-block-heading\"><a href=\"https:\/\/onedrive.live.com\/?authkey=%21ALuwo4qZPZCd%5Fzo&amp;id=F002BDA5BE316E7D%211883&amp;cid=F002BDA5BE316E7D&amp;parId=root&amp;parQt=sharedby&amp;o=OneUp\" target=\"_blank\" rel=\"noreferrer noopener\">Offene Westfalen- und Regionenmeisterschaft, Paderborn, 8.6.2023<\/a><\/h4>\n\n\n\n<p><strong>Frauen:<\/strong><br>Anna: Platz 3, OWL-Meisterschaft Platz 1<br>Susan: Platz 7, OWL-Meisterschaft Platz 2<\/p>\n\n\n\n<p><strong>Amateure:<\/strong><br>Max B.: Platz 23<br>Gunnar: DNF<\/p>\n\n\n\n<p><strong>Masters 2:<\/strong><br>Christian: Platz 11, OWL-Meisterschaft Platz 3<\/p>\n\n\n\n<p><strong>Masters 3\/4:<\/strong><br>Lars: Platz 16, OWL-Meisterschaft Platz 2<br>Dario: Platz 18<br>Joachim S.: Platz 20<br>Werner: DNF<\/p>\n\n\n\n<h4 class=\"wp-block-heading\"><a href=\"https:\/\/www.rundumkoeln.de\/ergebnisse\/#2_8F215C\" data-type=\"URL\" data-id=\"https:\/\/www.rundumkoeln.de\/ergebnisse\/#2_8F215C\" target=\"_blank\" rel=\"noreferrer noopener\">Rund um K\u00f6ln, 21.05.2023<\/a><\/h4>\n\n\n\n<p><strong>Velodom 70:<\/strong><br>Felix S.: Platz 87, AK Platz 23<\/p>\n\n\n\n<h4 class=\"wp-block-heading\"><a href=\"https:\/\/my.raceresult.com\/244170\/results\" data-type=\"URL\" data-id=\"https:\/\/my.raceresult.com\/244170\/results\" target=\"_blank\" rel=\"noreferrer noopener\">UCI 3RIDES Gravel Race, 13.05.2023<\/a><\/h4>\n\n\n\n<p><strong>74km:<\/strong><br>Joachim S.: Platz 18, Altersklasse (AK) Platz 18<\/p>\n\n\n\n<p><strong>129,5km:<\/strong><br>Anna: Platz 36, AK 24<\/p>\n\n\n\n<h4 class=\"wp-block-heading\"><a rel=\"noreferrer noopener\" href=\"https:\/\/berlincycling.com\/wp-content\/uploads\/2023\/05\/Ergebnisse_Airfieldrace_Sonntag.pdf\" data-type=\"URL\" data-id=\"https:\/\/berlincycling.com\/wp-content\/uploads\/2023\/05\/Ergebnisse_Airfieldrace_Sonntag.pdf\" target=\"_blank\">Airfield Race \/ Offene LV-Meisterschaft 1er-Stra\u00dfe Berlin, Tempelhofer Feld, 07.5.2023<\/a><\/h4>\n\n\n\n<p><strong>Frauen<\/strong>:<br>Anna: Platz 1<\/p>\n\n\n\n<p><strong>Masters 3:<\/strong><br>Werner: Platz 4<\/p>\n\n\n\n<h4 class=\"wp-block-heading\"><a rel=\"noreferrer noopener\" href=\"https:\/\/sportmaniacs.com\/es\/races\/mallorca-312-3596\/644d6a7c-e048-46b9-b870-1cafac1f1e7d\/results#rankings\" target=\"_blank\">Mallorca 312, Platja de Muro, Mallorca, 29.4.2023<\/a><\/h4>\n\n\n\n<p><strong>M\u00e4nner:<\/strong><br>Max B.: Platz 20<\/p>\n\n\n\n<h4 class=\"wp-block-heading\"><a rel=\"noreferrer noopener\" href=\"https:\/\/www.abavent.de\/anmeldeservice\/tourdenergie2023\/ergebnisse\" target=\"_blank\">Tour d&#8217;Energie G\u00f6ttingen, 23.4.2023<\/a><\/h4>\n\n\n\n<p><strong>Frauen:<\/strong><br>Anna: Platz 5, Altersklasse (AK) Platz 2<\/p>\n\n\n\n<p><strong>M\u00e4nner:<\/strong><br>Felix S.: Platz 322, AK Platz 93<br>Holger: Platz 913, AK Platz 194<br>Joachim S.: Platz 357, AK Platz 10<br>Max W.: Platz 102, AK Platz 45<br>Pascal: Platz 454, AK Platz 146<\/p>\n\n\n\n<p><strong>Team (Anna, Felix S., Joachim S., Max W.):<\/strong><br>Rang 29<\/p>\n\n\n\n<h4 class=\"wp-block-heading\"><a href=\"https:\/\/onedrive.live.com\/?authkey=%21AO8CxlXv0%2Dlggto&amp;id=F002BDA5BE316E7D%211625&amp;cid=F002BDA5BE316E7D&amp;parId=root&amp;parQt=sharedby&amp;o=OneUp\" target=\"_blank\" rel=\"noreferrer noopener\">20. Rund um Steinfurt, 23.4.2023<\/a><\/h4>\n\n\n\n<p><strong>Amateure:<\/strong><br>Gunnar: Platz 60<\/p>\n\n\n\n<p><strong>Masters 2\/3\/4:<\/strong><br>Christian: Platz 18<br>Lars: Platz 22<\/p>\n\n\n\n<h4 class=\"wp-block-heading\"><a rel=\"noreferrer noopener\" href=\"https:\/\/racecontrol.rsc-ueberherrn.de\/result\" target=\"_blank\">39. \u00dcberherrner Stra\u00dfenrennen, 16.4.2023<\/a><\/h4>\n\n\n\n<p><strong>Amateure:<\/strong><br>Max B.: Platz 12<\/p>\n\n\n\n<h4 class=\"wp-block-heading\"><a href=\"https:\/\/www.radrenngemeinschaft-osnabrueck.de\/rennsport\/stra%C3%9Fenrennen\/rund-in-os-nahne\/\" target=\"_blank\" rel=\"noreferrer noopener\">Rund an der Nahner Waldbahn, 16.4.2023<\/a><\/h4>\n\n\n\n<p><strong>Frauen:<\/strong><br>Anna: Platz 5<\/p>\n\n\n\n<p><strong>Amateure:<\/strong><br>Max W.: Platz 25<\/p>\n\n\n\n<p><strong>Masters 2 u. 3:<\/strong><br>Christan: Platz 10<br>Werner: Platz 12<br>Lars: Platz 26<\/p>\n\n\n\n<h4 class=\"wp-block-heading\"><a rel=\"noreferrer noopener\" href=\"https:\/\/onedrive.live.com\/?authkey=%21AB0ubLF0MvaJAQI&amp;id=F002BDA5BE316E7D%211593&amp;cid=F002BDA5BE316E7D&amp;parId=root&amp;parQt=sharedby&amp;o=OneUp\" target=\"_blank\">Offene Bergmeisterschaft NRW Bad Driburg (Bilster Berg), 10.4.2023<\/a><\/h4>\n\n\n\n<p><strong>Frauen:<\/strong><br>Anna: Platz 5; Landsverbandsmeisterschaft (LVM) Platz 2<br>Susan: OTL<\/p>\n\n\n\n<p><strong>Amateure:<\/strong><br>Max B.: Platz 11; LVM (KT, EEA, EA) Platz 28<\/p>\n\n\n\n<p><strong>Masters 2:<\/strong><br>Christian: Platz 11; LVM Platz 5<\/p>\n\n\n\n<p><strong>Masters 3:<\/strong><br>Lars: Platz 12; LVM Platz 7<br>Werner: Platz 13; LVM Platz 8<br>Dario: Platz 14; LVM Platz 9<\/p>\n\n\n\n<p><strong>Masters 4:<\/strong><br>Joachim S.: Platz 6; LVM Platz 5<\/p>\n\n\n\n<h4 class=\"wp-block-heading\"><a rel=\"noreferrer noopener\" href=\"https:\/\/onedrive.live.com\/?authkey=%21AGMnTg3nISF8Q9c&amp;id=F002BDA5BE316E7D%211549&amp;cid=F002BDA5BE316E7D&amp;parId=root&amp;parQt=sharedby&amp;o=OneUp\" target=\"_blank\">9. Herforder Fr\u00fchjahrspreis, 19.3.2023<\/a><\/h4>\n\n\n\n<p><strong>Frauen:<\/strong><br>Anna: Platz 12<br>Susan: Platz 13<\/p>\n\n\n\n<p><strong>Amateure:<\/strong><br>Max W.: DNF<\/p>\n\n\n\n<p><strong>Masters 2:<\/strong><br>Christian: Platz 9<\/p>\n\n\n\n<p><strong>Masters 3:<\/strong><br>Dario: Platz 10<br>Werner: Platz 25<\/p>\n\n\n\n<h2 class=\"wp-block-heading\">Platzierungen \/ Ergebnisse in 2022<\/h2>\n\n\n\n<h4 class=\"wp-block-heading\"><strong><a rel=\"noreferrer noopener\" href=\"https:\/\/www.dropbox.com\/s\/4x0in13tfvmkggy\/ergbilsterberg2022.pdf?dl=0\" target=\"_blank\">Offene Bergmeisterschaft NRW Bad Driburg 18.4.22<\/a><\/strong><\/h4>\n\n\n\n<p>Lars: Senioren 3, Platz 11<br>Max W.: Amateure, Platz 28&nbsp;<br>Gunnar: Amateure, Platz 37<br>Niko: Jedermann, Platz 14<\/p>\n\n\n\n<h4 class=\"wp-block-heading\"><strong><a href=\"https:\/\/my4.raceresult.com\/199159\/RRPublish\/data\/pdf?name=10%20Ergebnislisten%7C00%20Ergebnisliste%20BN%20MW&amp;contest=1&amp;lang=de\" target=\"_blank\" rel=\"noreferrer noopener\">Tour d&#8217;Energie G\u00f6ttingen 24.4.22<\/a><\/strong><\/h4>\n\n\n\n<p>Team RC Sprintax 1, Platz 23: Max W., Niko H., Felix S., Joachim S.<br>Team RC Sprintax 2, Platz 53: Anna S., Tim G., Jan H., Florian M.<\/p>\n\n\n\n<h4 class=\"wp-block-heading\"><a href=\"https:\/\/www.dropbox.com\/s\/060k7msl7omngbf\/erglvmnrw2022-strasse.pdf?dl=0\" target=\"_blank\" rel=\"noreferrer noopener\">LVM Stra\u00dfe -NRW- POCO Cup- 12. Rennen in Werne 8.5.22<\/a><\/h4>\n\n\n\n<p>Christian: Masters 2, Platz 6<\/p>\n\n\n\n<h4 class=\"wp-block-heading\"><a rel=\"noreferrer noopener\" href=\"https:\/\/my.raceresult.com\/199216\/results\" target=\"_blank\"><strong>Zeitfahrcup G\u00f6ttingen<\/strong>, 26.6.22<\/a><\/h4>\n\n\n\n<p>Lars: Senioren 2 Platz 5, gesamt Platz 25<\/p>\n\n\n\n<h4 class=\"wp-block-heading\"><a href=\"https:\/\/drive.google.com\/file\/d\/1nQHEeqwFJRgOcBzqFswiefKE_bYheADl\/view\" target=\"_blank\" rel=\"noreferrer noopener\"><strong>Rund um die Telgter Windr\u00e4der<\/strong>, 2.7.22<\/a><\/h4>\n\n\n\n<p>Felix S. Pl 12 Hobbyrennen<br>Niko&nbsp; Pl 14&nbsp; Hobbyrennen<\/p>\n\n\n\n<h4 class=\"wp-block-heading\"><strong><a href=\"https:\/\/onedrive.live.com\/?authkey=%21AOFUfMSTcP%2D4%2DXQ&amp;id=F002BDA5BE316E7D%21775&amp;cid=F002BDA5BE316E7D&amp;parId=root&amp;parQt=sharedby&amp;o=OneUp\" target=\"_blank\" rel=\"noreferrer noopener\">Tour de Wendland, 15.7.-17.7.22<\/a><\/strong><\/h4>\n\n\n\n<p>Lars Platz 2 Senioren 3 | 16 overall<br>Susan Platz 5 Frauen<br>Dario Platz 5 Senioren 2 | Platz 21 overall<br>Teamwertung Platz 3 &nbsp;(Susan + Lars + Dario)<\/p>\n\n\n\n<h4 class=\"wp-block-heading\"><a href=\"https:\/\/my2.raceresult.com\/211893\/RRPublish\/data\/pdf?name=01%20EZF%2022KM%7CEZF%20Ergebnisliste%20MW&amp;contest=10&amp;lang=de\" target=\"_blank\" rel=\"noreferrer noopener\"><strong>Rad am Ring Zeitfahren<\/strong>, 22.7.22<\/a><\/h4>\n\n\n\n<p>Susan Platz 3 AK Gesamt Frauen 7<br>Dario Platz 3 AK<\/p>\n\n\n\n<h4 class=\"wp-block-heading\"><a href=\"https:\/\/my2.raceresult.com\/211893\/RRPublish\/data\/pdf?name=03%20GCC%20JEDERMANN%7C00%20Ergebnisliste%20BN%20MW&amp;contest=12&amp;lang=de\" target=\"_blank\" rel=\"noreferrer noopener\"><strong>Rad am Ring 75km Rennen<\/strong>, 24.7.22<\/a><\/h4>\n\n\n\n<p>Susan Platz 2 AK &nbsp;| Gesamt Frauen 6<\/p>\n\n\n\n<h4 class=\"wp-block-heading\"><a href=\"https:\/\/onedrive.live.com\/?authkey=%21ANiLjSS%2DTKlRFEs&amp;id=F002BDA5BE316E7D%21842&amp;cid=F002BDA5BE316E7D&amp;parId=root&amp;parQt=sharedby&amp;o=OneUp\" target=\"_blank\" rel=\"noreferrer noopener\">19. Rund um Steinfurt, 25.7.22<\/a><\/h4>\n\n\n\n<p>Werner: Masters 2\/3\/4, Platz 16<br>Gunnar: Amateure, Platz 31<\/p>\n\n\n\n<h4 class=\"wp-block-heading\"><strong><a rel=\"noreferrer noopener\" href=\"https:\/\/www.abavent.de\/anmeldeservice\/riderman2022\/ergebnisse\" target=\"_blank\">Rothaus Riderman<\/a><a href=\"https:\/\/www.abavent.de\/anmeldeservice\/riderman2022\/ergebnisse\" target=\"_blank\" rel=\"noreferrer noopener\">,<\/a><a rel=\"noreferrer noopener\" href=\"https:\/\/www.abavent.de\/anmeldeservice\/riderman2022\/ergebnisse\" target=\"_blank\"> 23.-25.9.22<\/a><\/strong><\/h4>\n\n\n\n<p>Lars<br>Dario: Gesamtwertung Platz 249&nbsp;<br>Susan: Gesamtwertung Platz 12<\/p>\n\n\n\n<h2 class=\"wp-block-heading\">Platzierungen \/ Ergebnisse in 2021<\/h2>\n\n\n\n<h4 class=\"wp-block-heading\">02.03. Virtuelle Vereinsmeisterschaft (Zwift)<\/h4>\n\n\n\n<p>Esther, Michael K., Werner<\/p>\n\n\n\n<h4 class=\"wp-block-heading\">08.08 Stunde von Banzau (EZF)<\/h4>\n\n\n\n<p>Dario &#8211; Platz 1 AK (Gesamt 4.)<\/p>\n\n\n\n<h2 class=\"wp-block-heading\">Platzierungen \/ Ergebnisse in 2020<\/h2>\n\n\n\n<h4 class=\"wp-block-heading\">11.10. CX Weser-Ems-Cup Preu\u00dfisch Oldendorf<\/h4>\n\n\n\n<p>Joachim S. &#8211; Platz 3 (Hobby 50+)<\/p>\n\n\n\n<h4 class=\"wp-block-heading\">04.10. Zeitfahrcup G\u00f6ttingen\/Rosdorf 25km<\/h4>\n\n\n\n<p>Dario &#8211; Platz 3 AK&nbsp; und Gesamt 6<\/p>\n\n\n\n<p>Susan &#8211; Platz 3 AK&nbsp; und Gesamt 5<\/p>\n\n\n\n<h4 class=\"wp-block-heading\">03.10. Zeitfahrcup G\u00f6ttingen\/Rosdorf Prolog<\/h4>\n\n\n\n<p>Dario &#8211; Platz 3<\/p>\n\n\n\n<h4 class=\"wp-block-heading\">12.09. Zeitfahren Beckedorf<\/h4>\n\n\n\n<p>Susan &#8211; Platz 1 und Streckenrekord Damen<\/p>\n\n\n\n<h4 class=\"wp-block-heading\">30.08. Brackweder Radrennen<\/h4>\n\n\n\n<p>Dario &#8211; Platz 3 (Senioren 2)<\/p>\n\n\n\n<h4 class=\"wp-block-heading\">&nbsp;<\/h4>\n\n\n\n<h4 class=\"wp-block-heading\">15.+16.08 Vereinsmeisterschaft Gesamtwertung<\/h4>\n\n\n\n<p>u50 &#8211; Dario, Lars, Pascal<\/p>\n\n\n\n<p>\u00fc50 &#8211; Joachim A. &amp; Joachim S., Viktor<\/p>\n\n\n\n<p>Frauen &#8211; Susan, Smilla<\/p>\n\n\n\n<h4 class=\"wp-block-heading\">16.08. Vereinsmeisterschaft Stra\u00dfe<\/h4>\n\n\n\n<p>u50 &#8211; Dario, Max, Lars<\/p>\n\n\n\n<p>\u00fc50 &#8211; Joachim A., Joachim S., Ullrich<\/p>\n\n\n\n<p>Frauen &#8211; Susan<\/p>\n\n\n\n<h4 class=\"wp-block-heading\">15.08. Vereinsmeisterschaft EZF<\/h4>\n\n\n\n<p>u50 &#8211; Dario, Lars, Jan<\/p>\n\n\n\n<p>\u00fc50 &#8211; Joachim S., Joachim A.,Viktor<\/p>\n\n\n\n<p>Frauen &#8211; Susan, Smilla<\/p>\n\n\n\n<h4 class=\"wp-block-heading\">10.-12.07. Tour de Wendland Gesamtwertung (3 Rennen)<\/h4>\n\n\n\n<p>Dario &#8211; Platz 1&nbsp; AK Master2 (Gesamt 6)<\/p>\n\n\n\n<p>Susan &#8211; Platz 4<\/p>\n\n\n\n<h4 class=\"wp-block-heading\">12.07. Tour de Wendland &#8211; Zeitfahren<\/h4>\n\n\n\n<p>Dario &#8211; Platz 2&nbsp; AK Master2 (Gesamt 7)<\/p>\n\n\n\n<h4 class=\"wp-block-heading\">10.07. Tour de Wendland &#8211; Bergzeitfahren-Prolog<\/h4>\n\n\n\n<p>Dario &#8211; Platz 2&nbsp; AK Master2 (Gesamt 3)<\/p>\n\n\n\n<h2 class=\"wp-block-heading\">Platzierungen \/ Ergebnisse in 2019<\/h2>\n\n\n\n<h4 class=\"wp-block-heading\">&nbsp;<\/h4>\n\n\n\n<h4 class=\"wp-block-heading\">24.11. LVM NRW-Cross-Cup Rugbyheim H\u00fcrth<\/h4>\n\n\n\n<p>Mirco F. &#8211; Platz 1 (Masters 2)<\/p>\n\n\n\n<h4 class=\"wp-block-heading\">17.11. CX Weser-Ems-Cup Wiefelstede<\/h4>\n\n\n\n<p>Mirco F. &#8211; Platz 2 (Masters 2)<\/p>\n\n\n\n<h4 class=\"wp-block-heading\">16.11. Braunschweiger-Cross-Serie Harxb\u00fcttel<\/h4>\n\n\n\n<p>Mirco F. &#8211; Platz 2 (Masters 2)<\/p>\n\n\n\n<h4 class=\"wp-block-heading\">10.11. CX Weser-Ems-Cup Goldenstedt<\/h4>\n\n\n\n<p>Mirco F. &#8211; Platz 2 (Masters 2)<\/p>\n\n\n\n<h4 class=\"wp-block-heading\">26.10. CX Weser-Ems-Cup Espelkamp<\/h4>\n\n\n\n<p>Mirco F. &#8211; Platz 1 (Masters 2)<\/p>\n\n\n\n<h4 class=\"wp-block-heading\">13.10. CX Weser-Ems-Cup Preu\u00dfisch Oldendorf<\/h4>\n\n\n\n<p>Mirco F. &#8211; Platz 1 (Masters 2)<\/p>\n\n\n\n<h4 class=\"wp-block-heading\">03.10. CX Hannover City<\/h4>\n\n\n\n<p>Mirco F. &#8211; Platz 3 (Masters 2)<\/p>\n\n\n\n<h4 class=\"wp-block-heading\">29.09. CX Weser-Ems-Cup Syke<\/h4>\n\n\n\n<p>Mirco F. &#8211; Platz 1 (Masters 2)<\/p>\n\n\n\n<h4 class=\"wp-block-heading\">28.09. Braunschweiger-Cross-Serie Lehndorf<\/h4>\n\n\n\n<p>Mirco F. &#8211; Platz 3 (Masters 2)<\/p>\n\n\n\n<h4 class=\"wp-block-heading\">27.09. CX Weser-Ems-Cup Cloppenburg<\/h4>\n\n\n\n<p>Mirco F. &#8211; Platz 2 (Masters 2)<\/p>\n\n\n\n<h4 class=\"wp-block-heading\">03.10. M\u00fcnsterland-Giro<\/h4>\n\n\n\n<p>Susan &#8211; Platz 3 AK (Gesamt 4.) 100er Strecke<\/p>\n\n\n\n<h4 class=\"wp-block-heading\">15.09. 3&#215;10 Olmsruh (EZF)<\/h4>\n\n\n\n<p>Felicitas &#8211; Platz 1 AK (Gesamt 2.)<br>Susan &#8211; Platz 3 AK (Gesamt 5.)<\/p>\n\n\n\n<h4 class=\"wp-block-heading\">11.08. Stunde von Banzau (EZF)<\/h4>\n\n\n\n<p>Susan &#8211; Platz 2 AK und Gesamt<br>Dario &#8211; Platz 2 AK (Gesamt 3.)<\/p>\n\n\n\n<h4 class=\"wp-block-heading\">10.08. Krusnoton &#8211; Teplice<\/h4>\n\n\n\n<p>Kai-Uwe &#8211; Platz 1 AK (Gesamt 4.) 300 km<br>Thorsten &#8211; Platz 5 AK (Gesamt 11.) 250 km<br>Christian B. &#8211; Platz 3 AK (Gesamt 15.) 180 km<br>Gisela &#8211; Platz 5 AK (Gesamt 9.) 180 km<\/p>\n\n\n\n<h4 class=\"wp-block-heading\">26.-27.07. Rad am Ring<\/h4>\n\n\n\n<p><strong>Zeitfahren:<\/strong><\/p>\n\n\n\n<p>Susan &#8211; Platz 3 AK MAS1W (Gesamt 4.)<br>Felicitas &#8211; Platz 2 AK Frauen (Gesamt 7.)<\/p>\n\n\n\n<p><strong>75 km Rennen:<\/strong><\/p>\n\n\n\n<p>Susan &#8211; Platz 3 AK MAS1W (Gesamt 7.)<br>Dario &#8211; Platz 3 AK MAS2M (Gesamt 9.)<\/p>\n\n\n\n<h4 class=\"wp-block-heading\">12.-14.07. Tour de Wendland<\/h4>\n\n\n\n<p>Dario &#8211; Platz 1&nbsp; AK Senioren 2 (Gesamt 4)<\/p>\n\n\n\n<h4 class=\"wp-block-heading\">11.07. K\u00f6lken-Cup<\/h4>\n\n\n\n<p>Dario &#8211; Platz 1<\/p>\n\n\n\n<p>Felicitas &#8211; Platz 3<\/p>\n\n\n\n<p>Susan &#8211; Platz 4<\/p>\n\n\n\n<p>Dirk R. &#8211; Platz 3 (Volksdistanz)<\/p>\n\n\n\n<h4 class=\"wp-block-heading\">30.06. Rennen Brackwede<\/h4>\n\n\n\n<p>Christian B. &#8211; Platz 1 Senioren 2<\/p>\n\n\n\n<p>Susan &#8211; Platz 1 Hobby Frauen<\/p>\n\n\n\n<h4 class=\"wp-block-heading\">23.06. Einzelzeitfahren G\u00f6ttingen\/Rosdorf<\/h4>\n\n\n\n<p>Dario &#8211; Platz 2 AK MS2 und Gesamt 3.<\/p>\n\n\n\n<p>Susan &#8211; Platz 5 Gesamt und AK<\/p>\n\n\n\n<h4 class=\"wp-block-heading\">22.06. Einzelzeitfahren S\u00fcnninghausen<\/h4>\n\n\n\n<p><strong>Jedermann-Rennen 19 km:<\/strong><\/p>\n\n\n\n<p>Susan &#8211; Platz 1 Gesamt und AK<br>Felicitas &#8211; Platz 2 Gesamt und AK<br>Dario &#8211; Platz 1 AK MS2 und Gesamt 2.<br>Lars &#8211; Platz 2 AK MS2<br>G\u00fcnter &#8211; Platz 2 AK MS4<br>Joachim &#8211; Platz 4 AK MS3<\/p>\n\n\n\n<p><strong>Hobby-Rennen 9,5 km:<\/strong><\/p>\n\n\n\n<p>Manuela &#8211; Platz 1 AK WS3<br>Esther &#8211; Platz 3 AK WS2<br>Viktor &#8211; Platz 3 AK MS3<\/p>\n\n\n\n<h4 class=\"wp-block-heading\">20.06. Westfalen- und Bezirksmeisterschaften Paderborn<\/h4>\n\n\n\n<p>Smilla E. &#8211; Platz 1 (Jugend weiblich U17)<\/p>\n\n\n\n<p>Lars R. &#8211; Platz 10 (Senioren 2)<\/p>\n\n\n\n<h4 class=\"wp-block-heading\">30.02. Alpecin OWL Nachwuchscup BI<\/h4>\n\n\n\n<p>Finn E.. &#8211; Platz 2 (Jedermann-Rennen)<\/p>\n\n\n\n<h4 class=\"wp-block-heading\">16.02. Bielefelder Cross-Bier-Challenge<\/h4>\n\n\n\n<p>Joachim S. &#8211; Platz 2<\/p>\n\n\n\n<h4 class=\"wp-block-heading\">13.01. CX Deutsche Meisterschaft Kleinmachnow<\/h4>\n\n\n\n<p>Mirco F. &#8211; Platz 7 (Masters 2)<\/p>\n\n\n\n<h4 class=\"wp-block-heading\">Gesamtwertung CX Weser-Ems-Cup 2018\/19<\/h4>\n\n\n\n<p>Mirco F. &#8211; Platz 1 (Masters 2)<\/p>\n\n\n\n<p>Jasmin B. &#8211; Platz 3 (Elite Frauen)<\/p>\n\n\n\n<p>Joachim S. &#8211; Platz 11 (Masters 3)<\/p>\n\n\n\n<h4 class=\"wp-block-heading\">06.01. CX Weser-Ems-Cup Engter<\/h4>\n\n\n\n<p>Mirco F. &#8211; Platz 2 (Masters 2)<\/p>\n\n\n\n<h2 class=\"wp-block-heading\">&nbsp;<\/h2>\n\n\n\n<h2 class=\"wp-block-heading\">&nbsp;<\/h2>\n\n\n\n<h2 class=\"wp-block-heading\">Platzierungen \/ Ergebnisse in 2018<\/h2>\n\n\n\n<h4 class=\"wp-block-heading\">&nbsp;<\/h4>\n\n\n\n<h4 class=\"wp-block-heading\">09.12. CX Weser-Ems-Cup Preu\u00dfisch Oldendorf<\/h4>\n\n\n\n<p>Mirco F. &#8211; Platz 1 (Masters 2)<\/p>\n\n\n\n<h4 class=\"wp-block-heading\">02.12. CX Weser-Ems-Cup Rheine<\/h4>\n\n\n\n<p>Jasmin B. &#8211; Platz 3 (Elite Frauen)<\/p>\n\n\n\n<p>Mirco F. &#8211; Platz 1 (Masters 2)<\/p>\n\n\n\n<h4 class=\"wp-block-heading\">25.11. CX Weser-Ems-Cup Osnabr\u00fcck (LVM Niedersachsen)<\/h4>\n\n\n\n<p>Jasmin B. &#8211; Platz 4 (Elite Frauen)<\/p>\n\n\n\n<p>Felicitas W. &#8211; Platz 5 (Hobby Frauen)<\/p>\n\n\n\n<p>Mirco F. &#8211; Platz 2 (Masters 2)<\/p>\n\n\n\n<h4 class=\"wp-block-heading\">2018&nbsp; RTF Gesamtwertung OWL<\/h4>\n\n\n\n<p>Kai-Uwe G. &#8211; Platz 3 (Einzelfahrer M\u00e4nner)<\/p>\n\n\n\n<h4 class=\"wp-block-heading\">18.11. CX Weser-Ems-Cup Papenburg<\/h4>\n\n\n\n<p>Jasmin B. &#8211; Platz 2 (Elite Frauen)<\/p>\n\n\n\n<p>Mirco F. &#8211; Platz 2 (Masters 2)<\/p>\n\n\n\n<h4 class=\"wp-block-heading\">01.09. Westfalenmeisterschaft G\u00fctersloh<\/h4>\n\n\n\n<p>Smilla &#8211; Platz 1 (Sch\u00fclerinnen U15)<\/p>\n\n\n\n<h4 class=\"wp-block-heading\">29.07. ProAM Hannover<\/h4>\n\n\n\n<p>110 km: Jasmin B. &#8211; Platz 2 Gesamt (AK Platz 1)<\/p>\n\n\n\n<p>68 km: Gisela B. &#8211; Platz 2 Gesamt (AK Platz 1)<\/p>\n\n\n\n<p>Sch\u00fcler U15: Smilla &#8211; Platz 6 (M\u00e4dchen Platz 1)<\/p>\n\n\n\n<h4 class=\"wp-block-heading\">13.-15.07. Tour de Wendland<\/h4>\n\n\n\n<p>Lars R. &#8211; Platz 2&nbsp; AK Senioren 2 (Gesamt 11)<\/p>\n\n\n\n<h4 class=\"wp-block-heading\">24.06. Bergzeitfahren Brockenk\u00f6nig<\/h4>\n\n\n\n<p>Lars R. &#8211; Platz 3 (Senioren 2)<\/p>\n\n\n\n<h4 class=\"wp-block-heading\">&nbsp;<\/h4>\n\n\n\n<h4 class=\"wp-block-heading\">02.06. Einzelzeitfahren S\u00fcnninghausen<\/h4>\n\n\n\n<p>Felicitas &#8211; Platz 1 AK WEL (Gesamt Damen 2)<\/p>\n\n\n\n<p>Susan &#8211; Platz 1 AK WS1 (Gesamt Damen 4)<\/p>\n\n\n\n<p>Dario &#8211; Platz 3 AK MS2 (Gesamt 3)<\/p>\n\n\n\n<p>Viktor &#8211; Platz 1 AK MS4 (Gesamt 19)<\/p>\n\n\n\n<p>G\u00fcnter &#8211; Platz 3 AK MS4 (Gesamt 23)<\/p>\n\n\n\n<h4 class=\"wp-block-heading\">&nbsp;<\/h4>\n\n\n\n<h4 class=\"wp-block-heading\">26.05. Leineweberpreis der Steher Bielefeld<\/h4>\n\n\n\n<p>Smilla &#8211; Platz 1 im Omnium<\/p>\n\n\n\n<h4 class=\"wp-block-heading\">&nbsp;<\/h4>\n\n\n\n<h4 class=\"wp-block-heading\">20.05. Sauerland Giro Willingen<\/h4>\n\n\n\n<p>Dario W. &#8211; Platz 3 (Masters), Platz 6 Gesamt<\/p>\n\n\n\n<h4 class=\"wp-block-heading\">&nbsp;<\/h4>\n\n\n\n<h4 class=\"wp-block-heading\">06.05. LVM NRW in Werne<\/h4>\n\n\n\n<p>Christian B. &#8211; Platz 2 (Senioren 2)<\/p>\n\n\n\n<h4 class=\"wp-block-heading\">&nbsp;<\/h4>\n\n\n\n<h4 class=\"wp-block-heading\">22.04. Rennen in Gesmold<\/h4>\n\n\n\n<p>Smilla &#8211; Platz 1 (M\u00e4dchen)<\/p>\n\n\n\n<h4 class=\"wp-block-heading\">&nbsp;<\/h4>\n\n\n\n<h4 class=\"wp-block-heading\">08.04. Fr\u00fchjahrspreis der Gemeinde B\u00f6rger<\/h4>\n\n\n\n<p>Felicitas &#8211; Platz 1 (Jedermann-Frauen)<\/p>\n\n\n\n<p>Smilla &#8211; Platz 3 (M\u00e4dchen)<\/p>\n\n\n\n<p>Christian B. &#8211; Platz 1 (Jedermann-\u00dc40)<\/p>\n\n\n\n<p>Lars &#8211; Platz 5 (Jedermann-\u00dc40)<\/p>\n\n\n\n<h2 class=\"wp-block-heading\">&nbsp;<\/h2>\n\n\n\n<h2 class=\"wp-block-heading\">&nbsp;<\/h2>\n\n\n\n<h2 class=\"wp-block-heading\">Platzierungen \/ Ergebnisse in 2017<\/h2>\n\n\n\n<h4 class=\"wp-block-heading\">CX-Saison 2017\/2018<\/h4>\n\n\n\n<p>Mirco:<\/p>\n\n\n\n<figure class=\"wp-block-table\"><table><tbody><tr><td>01.10.<\/td><td>Bad Salzdethfurth<\/td><td>Deutschland Cup Cross<\/td><td>Platz 6<\/td><\/tr><tr><td>03.10.<\/td><td>Lehndorf<\/td><td>Braunschweiger Cross Serie<\/td><td>Platz 1<\/td><\/tr><tr><td>07.10.<\/td><td>Kaltenkirchen<\/td><td>Stevens Cyclocross Cup<\/td><td>Platz 4<\/td><\/tr><tr><td>08.10.<\/td><td>Noderstedt<\/td><td>Stevens Cyclocross Cup<\/td><td>Platz 4<\/td><\/tr><tr><td>14.10.<\/td><td>Espelkamp<\/td><td>Weser Ems Cup<\/td><td>Platz 1<\/td><\/tr><tr><td>15.10.<\/td><td>Osnabr\u00fcck<\/td><td>Weser Ems Cup<\/td><td>Platz 1<\/td><\/tr><tr><td>21.10.<\/td><td>Goldenstedt<\/td><td>Weser Ems Cup<\/td><td>Platz 3<\/td><\/tr><tr><td>22.10.<\/td><td>Lohne<\/td><td>Deutschland Cup Cross<\/td><td>Platz 6<\/td><\/tr><tr><td>28.10.<\/td><td>M\u00f6lln<\/td><td>Stevens Cyclocross Cup<\/td><td>Platz 3<\/td><\/tr><tr><td>29.10.<\/td><td>Syke<\/td><td>Weser Ems Cup<\/td><td>Platz 3<\/td><\/tr><tr><td>05.11.<\/td><td>Surwold<\/td><td>Weser Ems Cup<\/td><td>Platz 1<\/td><\/tr><tr><td>11.11.<\/td><td>Harxb\u00fcttel<\/td><td>Braunschweiger Cross Serie<\/td><td>Platz 1<\/td><\/tr><tr><td>12.11.<\/td><td>Rastede<\/td><td>Weser Ems Cup<\/td><td>Platz 1<\/td><\/tr><tr><td>19.11.<\/td><td>Melle<\/td><td>Weser Ems Cup<\/td><td>Platz 1<\/td><\/tr><tr><td>02.12.<\/td><td>Pr. Oldendorf<\/td><td>Weser Ems Cup<\/td><td>Platz 2<\/td><\/tr><tr><td>03.12.<\/td><td>Rheine<\/td><td>Weser Ems Cup inkl. LVM<\/td><td>Platz 2<\/td><\/tr><tr><td>10.12.<\/td><td>Emsdetten<\/td><td>Weser Ems Cup<\/td><td>Platz 2<\/td><\/tr><tr><td>16.12.<\/td><td>Didderse<\/td><td>Braunschweiger Cross Serie<\/td><td>Platz 3<\/td><\/tr><tr><td>31.12.<\/td><td>Herford<\/td><td>Deutschland Cup Cross<\/td><td>Platz 5<\/td><\/tr><tr><td>14.01.<\/td><td>Bensheim<\/td><td>Cross DM (Masters)<\/td><td>Platz 9<\/td><\/tr><\/tbody><\/table><\/figure>\n\n\n\n<h4 class=\"wp-block-heading\">03.10. M\u00fcnsterland-Giro<\/h4>\n\n\n\n<p>Smilla &#8211; Platz 2 (Frauen U15)<\/p>\n\n\n\n<h4 class=\"wp-block-heading\">17.09. CycleTour Braunschweig-Magdeburg<\/h4>\n\n\n\n<p>Werner &#8211; Platz 3 Gesamt, Platz 1 AK \u00dc40<\/p>\n\n\n\n<h4 class=\"wp-block-heading\">03.09. Vereinsmeisterschaft Stra\u00dfe<\/h4>\n\n\n\n<p>u50 &#8211; Werner, Fred, Chris B.<\/p>\n\n\n\n<p>\u00fc50 &#8211; Joachim, Viktor, Martin F.<\/p>\n\n\n\n<p>Frauen &#8211; Felicitas<\/p>\n\n\n\n<h4 class=\"wp-block-heading\">02.09. Vereinsmeisterschaft EZF<\/h4>\n\n\n\n<p>u50 &#8211; Werner, Dario, Lars<\/p>\n\n\n\n<p>\u00fc50 &#8211; Joachim, Viktor, G\u00fcnter<\/p>\n\n\n\n<p>Frauen &#8211; Felicitas, Smilla<\/p>\n\n\n\n<h4 class=\"wp-block-heading\">01.09. Vereinsmeisterschaft Berg<\/h4>\n\n\n\n<p>u50 &#8211; Fred, Werner, Lars<\/p>\n\n\n\n<p>\u00fc50 &#8211; Joachim, Martin F., Viktor<\/p>\n\n\n\n<p>Frauen &#8211; Smilla<\/p>\n\n\n\n<h4 class=\"wp-block-heading\">27.08. \u00d6tztaler Radmarathon<\/h4>\n\n\n\n<p>Kai-Uwe in 7:54 h<\/p>\n\n\n\n<p>Fred in 7:58 h<\/p>\n\n\n\n<h4 class=\"wp-block-heading\">27.08. Hochsauerland Challenge<\/h4>\n\n\n\n<p>Joachim &#8211; Platz 1 AK M3<\/p>\n\n\n\n<h4 class=\"wp-block-heading\">27.08. Rund in Wuppertal<\/h4>\n\n\n\n<p>Smilla &#8211; Platz 1<\/p>\n\n\n\n<h4 class=\"wp-block-heading\">13.08. LV-Meisterschaft Niedersachsen Berg<\/h4>\n\n\n\n<p>Hobbyrennen<\/p>\n\n\n\n<p>Lars &#8211; Platz 3<\/p>\n\n\n\n<h4 class=\"wp-block-heading\">06.07. K\u00f6lken-Cup (Jedermann-EZF)<\/h4>\n\n\n\n<p>Felicitas &#8211; Platz 3 AK W20 (Gesamt 6)<\/p>\n\n\n\n<p>J\u00f6rg &#8211; Platz 1 Gesamt<\/p>\n\n\n\n<p>Werner &#8211; Platz 2 Gesamt<\/p>\n\n\n\n<p>Viktor &#8211; Platz 2 AK M60 (Gesamt 48)<\/p>\n\n\n\n<p>Felicitas, Dario, Lars &#8211; Platz 2 Mannschaftswertung<\/p>\n\n\n\n<h4 class=\"wp-block-heading\">15.06. Einzelzeitfahren S\u00fcnninghausen<\/h4>\n\n\n\n<p>J\u00f6rg &#8211; Platz 1 Gesamt<\/p>\n\n\n\n<p>Dario &#8211; Platz 3 AK MS2 (Gesamt 4)<\/p>\n\n\n\n<p>Viktor &#8211; Platz 1 AK MS4 (Gesamt 13)<\/p>\n\n\n\n<p>G\u00fcnter &#8211; Platz 3 AK MS4 (Gesamt 18)<\/p>\n\n\n\n<p>Felicitas &#8211; Platz 1 AK WEL (Gesamt Damen 2)<\/p>\n\n\n\n<h4 class=\"wp-block-heading\">15.06. Westfalenmeisterschaft Dortmund<\/h4>\n\n\n\n<p>Smilla &#8211; Platz 1<\/p>\n\n\n\n<h4 class=\"wp-block-heading\">11.06. LV-Meisterschaft Bielefeld<\/h4>\n\n\n\n<p>Smilla &#8211; Platz 2<\/p>\n\n\n\n<h2 class=\"wp-block-heading\">Platzierungen \/ Ergebnisse in 2016<\/h2>\n\n\n\n<h4 class=\"wp-block-heading\">18.12. Bike-Store Superprestige Bad Harzburg<\/h4>\n\n\n\n<p>Mirco &#8211; Patz 3<\/p>\n\n\n\n<h4 class=\"wp-block-heading\">17.12. Braunschweider Cross Serie Didderse<\/h4>\n\n\n\n<p>Mirco &#8211; Platz 3, Masters 2<\/p>\n\n\n\n<h4 class=\"wp-block-heading\">10.12. Weser Ems Cup Espelkamp<\/h4>\n\n\n\n<p>Mirco &#8211; Platz 3, Masters 2<\/p>\n\n\n\n<h4 class=\"wp-block-heading\">04.12. Weser Ems Cup Emsdetten<\/h4>\n\n\n\n<p>Mirco &#8211; Platz 1, Masters 2<\/p>\n\n\n\n<h4 class=\"wp-block-heading\">27.11. Weser Ems Cup Rheine Elte LVM NRW<\/h4>\n\n\n\n<p>Mirco &#8211; Platz 3, Masters 2<\/p>\n\n\n\n<h4 class=\"wp-block-heading\">20.11. Weser Ems Cup Gesmold LVM NDS<\/h4>\n\n\n\n<p>Mirco &#8211; Platz 2, Masters 2<\/p>\n\n\n\n<h4 class=\"wp-block-heading\">13.11. Weser Ems Cup Rastede Nethen<\/h4>\n\n\n\n<p>Bettina &#8211; Platz 2<\/p>\n\n\n\n<p>Mirco &#8211; Platz 2, Masters 2<\/p>\n\n\n\n<h4 class=\"wp-block-heading\">12.11. Braunschweiger Cross Serie Harxb\u00fcttel<\/h4>\n\n\n\n<p>Mirco &#8211; Platz 1, Masters 2<\/p>\n\n\n\n<h4 class=\"wp-block-heading\">30.10. Weser Ems Cup Bruchhausen Vilsen<\/h4>\n\n\n\n<p>Bettina &#8211; Platz 2<\/p>\n\n\n\n<p>Mirco &#8211; Platz 2, Masters 2<\/p>\n\n\n\n<h4 class=\"wp-block-heading\">&nbsp;<\/h4>\n\n\n\n<h4 class=\"wp-block-heading\">22.10. Weser Ems Cup Goldenstedt<\/h4>\n\n\n\n<p>Mirco &#8211; Platz 3, Masters 2<\/p>\n\n\n\n<h4 class=\"wp-block-heading\">16.10. Weser Ems Cup Osnabr\u00fcck<\/h4>\n\n\n\n<p>Mirco &#8211; Platz 2, Masters 2<\/p>\n\n\n\n<h4 class=\"wp-block-heading\">09.10. Weser Ems Cup Surwold<\/h4>\n\n\n\n<p>Bettina &#8211; Platz 2<\/p>\n\n\n\n<p>Mirco &#8211; Platz 2, Masters 2<\/p>\n\n\n\n<h4 class=\"wp-block-heading\">01.10. 20. Lambert-Gombert-Ged\u00e4chtnisrennen in Ahlen<\/h4>\n\n\n\n<p>Smilla &#8211; Platz 3<\/p>\n\n\n\n<p>Simon &#8211; Platz 5<\/p>\n\n\n\n<h4 class=\"wp-block-heading\">01.10. 36. Braunschweiger Cross-Serie<\/h4>\n\n\n\n<p>Mirco &#8211; Platz 1, Masters 2<\/p>\n\n\n\n<h4 class=\"wp-block-heading\">11.09. Olmsruh 3&#215;10 (Jedermann-EZF)<\/h4>\n\n\n\n<p>Felicitas &#8211; Platz 3 (Platz 1 AK)<\/p>\n\n\n\n<p>Niklas &#8211; Platz 3 (Platz 1 AK)<\/p>\n\n\n\n<p>Niklas, Lars, Dario &#8211; Platz 1 Mannschaftswertung<\/p>\n\n\n\n<h4 class=\"wp-block-heading\">&nbsp;<\/h4>\n\n\n\n<h4 class=\"wp-block-heading\">18.08. K\u00f6lken-Cup (Jedermann-EZF)<\/h4>\n\n\n\n<p>Felicitas &#8211; Platz 2<\/p>\n\n\n\n<p>Niklas &#8211; Platz 1<\/p>\n\n\n\n<p>Dario &#8211; Platz 3<\/p>\n\n\n\n<p>Felicitas, Dario, Lars &#8211; Platz 1 Mannschaftswertung<\/p>\n\n\n\n<h4 class=\"wp-block-heading\">05.08. Delbr\u00fcck (Jedermann-EZF)<\/h4>\n\n\n\n<p>Felicitas &#8211; Platz 1<\/p>\n\n\n\n<p>Niklas &#8211; Platz 3 (AK 2)<\/p>\n\n\n\n<h4 class=\"wp-block-heading\">23.07. Erzgebirgstour<\/h4>\n\n\n\n<p>Werner &#8211; Platz 1 auf Etappe 4<\/p>\n\n\n\n<p>Gesamtrang 4 nach 5 Etappen<\/p>\n\n\n\n<h4 class=\"wp-block-heading\">17.07. Kriterium in der W\u00fcste &#8211; Osnabr\u00fcck Sutthausen<\/h4>\n\n\n\n<p>Werner &#8211; Platz 4<\/p>\n\n\n\n<h4 class=\"wp-block-heading\">03.07. 3. BiTel Radrenntag in Halle<\/h4>\n\n\n\n<p>Smilla &#8211; Platz 6<\/p>\n\n\n\n<h4 class=\"wp-block-heading\">26.06. Hochsauerland Challenge<\/h4>\n\n\n\n<p>Werner &#8211; Platz 2 (Platz 1 AK)<\/p>\n\n\n\n<p>Thomas G &#8211; Platz 3 AK<\/p>\n\n\n\n<p>Joachim &#8211; Platz 4 AK<\/p>\n\n\n\n<p>Lars &#8211; Platz 5 AK<\/p>\n\n\n\n<h4 class=\"wp-block-heading\">24.06. Rad DM Jedermann Nidda<\/h4>\n\n\n\n<p>Felicitas &#8211; Platz 6 Einzelzeitfahren<\/p>\n\n\n\n<h4 class=\"wp-block-heading\">&nbsp;<\/h4>\n\n\n\n<h4 class=\"wp-block-heading\">19.06. Vereinsmeisterschaft EZF<\/h4>\n\n\n\n<p>u50 &#8211; Lars, Dario, Werner<\/p>\n\n\n\n<p>\u00fc50 &#8211; Viktor, Joachim, G\u00fcnter<\/p>\n\n\n\n<p>Frauen &#8211; Manuela, Smilla<\/p>\n\n\n\n<h4 class=\"wp-block-heading\">&nbsp;<\/h4>\n\n\n\n<h4 class=\"wp-block-heading\">11.06. Berlin Kladow &#8211; 11. Kladower Radfestival<\/h4>\n\n\n\n<p>Werner &#8211; Platz 10<\/p>\n\n\n\n<h4 class=\"wp-block-heading\">26.05. Westfalen Meisterschaft<\/h4>\n\n\n\n<p>Smilla &#8211; Platz 4<\/p>\n\n\n\n<h4 class=\"wp-block-heading\">&nbsp;<\/h4>\n\n\n\n<h4 class=\"wp-block-heading\">16.06. Einzelzeitfahren S\u00fcnninghausen<\/h4>\n\n\n\n<p>J\u00f6rg &#8211; Platz 2<\/p>\n\n\n\n<p>Franziska &#8211; Platz 2<\/p>\n\n\n\n<p>G\u00fcnter &#8211; Platz 3 (MS4)<\/p>\n\n\n\n<h4 class=\"wp-block-heading\">&nbsp;<\/h4>\n\n\n\n<h4 class=\"wp-block-heading\">10.05. Vereinsmeisterschaft Stra\u00dfe<\/h4>\n\n\n\n<p>u50 &#8211; Finn, Werner, Christian<\/p>\n\n\n\n<p>\u00fc50 &#8211; Joachim<\/p>\n\n\n\n<p>Frauen &#8211; Felicitas, Manuela<\/p>\n\n\n\n<h4 class=\"wp-block-heading\">&nbsp;<\/h4>\n\n\n\n<h4 class=\"wp-block-heading\">24.04. Rund in Hamm<\/h4>\n\n\n\n<p>Finn &#8211; Platz 3, M\u00e4nner C<\/p>\n\n\n\n<p>Smilla &#8211; Platz 3, U13<\/p>\n\n\n\n<h4 class=\"wp-block-heading\">&nbsp;<\/h4>\n\n\n\n<h4 class=\"wp-block-heading\">17.04. Rund in Gesmold<\/h4>\n\n\n\n<p>Smilla &#8211; Platz 2, U13<\/p>\n\n\n\n<p>Werner &#8211; Platz 8 Senioren 2<\/p>\n\n\n\n<h4 class=\"wp-block-heading\">&nbsp;<\/h4>\n\n\n\n<h4 class=\"wp-block-heading\">16.04. LVMS Omnium Kaarst<\/h4>\n\n\n\n<p>Smilla &#8211; Platz 3<\/p>\n\n\n\n<h4 class=\"wp-block-heading\">17.01. Weser Ems Cup Engter<\/h4>\n\n\n\n<p>Mirco &#8211; Platz 1, Master 2<\/p>\n\n\n\n<p>Bettina &#8211; Platz 2, Frauen<\/p>\n\n\n\n<h2 class=\"wp-block-heading\">Platzierungen \/ Ergebnisse in 2015<\/h2>\n\n\n\n<h4 class=\"wp-block-heading\">Vereinsmeisterschaft Gesamt<\/h4>\n\n\n\n<p>u50 &#8211;&nbsp;Niklas, Dario, Jan<\/p>\n\n\n\n<p>\u00fc50 &#8211; Viktor, Thomas G., G\u00fcnter<\/p>\n\n\n\n<p>Frauen &#8211; Felicitas, Esther+Manuela<\/p>\n\n\n\n<h4 class=\"wp-block-heading\">&nbsp;<\/h4>\n\n\n\n<h4 class=\"wp-block-heading\">Vereinsmeisterschaft RTF<\/h4>\n\n\n\n<p>u50 &#8211; Mirco, Kai-Uwe, Hajo<\/p>\n\n\n\n<p>\u00fc50 &#8211; Viktor, G\u00fcnter, Pedro<\/p>\n\n\n\n<p>Frauen &#8211; Marit, Manuela, Paradee<\/p>\n\n\n\n<h4 class=\"wp-block-heading\">&nbsp;<\/h4>\n\n\n\n<h4 class=\"wp-block-heading\">RTF Wertung OWL<\/h4>\n\n\n\n<p>Mirco &#8211;&nbsp;Platz 2, M\u00e4nner<\/p>\n\n\n\n<p>Marit &#8211; Platz 3, Frauen<\/p>\n\n\n\n<h4 class=\"wp-block-heading\">31.12. Weser Ems Cup Gesmold<\/h4>\n\n\n\n<p>Mirco&nbsp;&#8211; Platz&nbsp;3, Master 2<\/p>\n\n\n\n<h4 class=\"wp-block-heading\">&nbsp;<\/h4>\n\n\n\n<h4 class=\"wp-block-heading\">22.11. Weser Ems Cup Rheine &#8211; LVM NRW<\/h4>\n\n\n\n<p>Mirco &#8211; Platz 3, Landesmeister NRW<\/p>\n\n\n\n<h4 class=\"wp-block-heading\">08.11. WEC Osnabr\u00fcck<\/h4>\n\n\n\n<p>Bettina &#8211; Platz 2, Frauen Elite<\/p>\n\n\n\n<h4 class=\"wp-block-heading\">07.11. Braunschweiger Cross-Serie<\/h4>\n\n\n\n<p>Mirco &#8211; Platz 2, Masters 2<\/p>\n\n\n\n<h4 class=\"wp-block-heading\">11.10. WEC Goldenstedt<\/h4>\n\n\n\n<p>Bettina &#8211; Platz 3, Frauen Elite<\/p>\n\n\n\n<h4 class=\"wp-block-heading\">10.10. Vereinsmeisterschaft Bergzeitfahren<\/h4>\n\n\n\n<p>u50 &#8211; Finn, Frederik, Niklas<\/p>\n\n\n\n<p>\u00fc50 &#8211; Thomas G., Viktor, Ullrich<\/p>\n\n\n\n<p>Frauen &#8211; Smilla, Felicitas, Esther<\/p>\n\n\n\n<h4 class=\"wp-block-heading\">&nbsp;<\/h4>\n\n\n\n<h4 class=\"wp-block-heading\">03.10. Stevens Cyclocross Cup Kaltenkirchen<\/h4>\n\n\n\n<p>Mirco &#8211; Platz 3, Senioren 2<\/p>\n\n\n\n<h4 class=\"wp-block-heading\">27.09. Braunschweiger Cross-Serie<\/h4>\n\n\n\n<p>Bettina &#8211; Platz 3, Frauen Elite<\/p>\n\n\n\n<h4 class=\"wp-block-heading\">&nbsp;<\/h4>\n\n\n\n<h4 class=\"wp-block-heading\">12.09. 3&#215;10 Olmsruh (Jedermann-EZF)<\/h4>\n\n\n\n<p>Felicitas &#8211; Platz 3 (Damen Gesamt) und 1. AK W20<br>Marit &#8211; Platz 3 (AK W30)<br>Esther, Felicitas, Marit: Platz 1 (Damen-Mannschaften)<br>Dario &#8211; Platz 4. (Gesamt) und 3. AK M40<br>Niklas &#8211; Platz 2 (AK M20)<br>Dario, Lars, Niklas, Mirco: Platz 2 (Mannschaften)<\/p>\n\n\n\n<h4 class=\"wp-block-heading\">30.08. Vereinsmeisterschaft Einzelzeitfahren<\/h4>\n\n\n\n<p>u50 &#8211; Dario, Niklas, Werner<\/p>\n\n\n\n<p>\u00fc50 &#8211; Viktor, Joachim, Ullrich<\/p>\n\n\n\n<p>Frauen &#8211; Felicitas, Esther, Manuela<\/p>\n\n\n\n<h4 class=\"wp-block-heading\">13.08. K\u00f6lken-Cup \/ Hesselteich (Jedermann-EZF)<\/h4>\n\n\n\n<p>Dario &#8211; Platz 1 (Gesamt), Platz 1 (AK M40)<br>Lars &#8211; Platz 6 (Gesamt), Platz 3 (AK M40)<br>Felicitas &#8211; Platz 4 (Damen Gesamt)<\/p>\n\n\n\n<h4 class=\"wp-block-heading\">07.08. Delbr\u00fcck (Jedermann-EZF)<\/h4>\n\n\n\n<p>Niklas &#8211; Platz 2<br>Dario &#8211; Platz 3<br>Lars &#8211; Platz 4<br>J\u00f6rg S. &#8211; Platz 5<br>(alle AK MU50)<\/p>\n\n\n\n<h4 class=\"wp-block-heading\">20.06. Kassel-Calden<\/h4>\n\n\n\n<p>Bettina &#8211; Platz 5<\/p>\n\n\n\n<p>Finn &#8211; Platz 7<\/p>\n\n\n\n<h4 class=\"wp-block-heading\">&nbsp;<\/h4>\n\n\n\n<h4 class=\"wp-block-heading\">18.06. S\u00fcnninghausen (Jedermann-EZF)<\/h4>\n\n\n\n<p>Niklas &#8211; Platz 1 (Gesamt), Platz 1 (AK MU30)<br>Lars &#8211; Platz 3 (Gesamt), Platz 1 (AK MS2)<br>J\u00f6rg S. &#8211; Platz 3 (AK MS2)<br>Finn &#8211; Platz 1 (AK MU19)<br>Viktor &#8211; Platz 2 (AK MS3)<br>Felicitas &#8211; Platz 2 (Gesamt), Platz 2 (AK WU30)<br>Esther &#8211; Platz 1 (AK WS2)<br>Manuela &#8211; Platz 2 (AK WS2)<\/p>\n\n\n\n<h4 class=\"wp-block-heading\">07.06. Bocholt<\/h4>\n\n\n\n<p>Bettina &#8211; Platz 7<\/p>\n\n\n\n<h4 class=\"wp-block-heading\">&nbsp;<\/h4>\n\n\n\n<h4 class=\"wp-block-heading\">07.06. Halle<\/h4>\n\n\n\n<p>Smilla &#8211; Platz 3<\/p>\n\n\n\n<p>Finn &#8211; Platz 7<\/p>\n\n\n\n<h4 class=\"wp-block-heading\">&nbsp;<\/h4>\n\n\n\n<h4 class=\"wp-block-heading\">06.06. Steinfurt<\/h4>\n\n\n\n<p>Bettina &#8211; Platz 8<\/p>\n\n\n\n<h4 class=\"wp-block-heading\">&nbsp;<\/h4>\n\n\n\n<h4 class=\"wp-block-heading\">04.06. Westfalenmeisterschaft Dorsten<\/h4>\n\n\n\n<p>Smilla &#8211; Platz 3<\/p>\n\n\n\n<p>Bettina &#8211; Platz 5<\/p>\n\n\n\n<p>Finn &#8211; Platz 8<\/p>\n\n\n\n<h4 class=\"wp-block-heading\">&nbsp;<\/h4>\n\n\n\n<h4 class=\"wp-block-heading\">02.06. Vereinsmeisterschaft Stra\u00dfe<\/h4>\n\n\n\n<p>u50 &#8211; Jan, Niklas, Werner<\/p>\n\n\n\n<p>\u00fc50 &#8211; Thomas G., Wolfgang W., Franky<\/p>\n\n\n\n<p>Frauen &#8211; Felicitas, Esther+Manuela<\/p>\n\n\n\n<h4 class=\"wp-block-heading\">&nbsp;<\/h4>\n\n\n\n<h4 class=\"wp-block-heading\">31.05. Gro\u00dfer Preis der Stadtsparkasse Remscheid<\/h4>\n\n\n\n<p>Finn &#8211; Platz 10<\/p>\n\n\n\n<h4 class=\"wp-block-heading\">&nbsp;<\/h4>\n\n\n\n<h4 class=\"wp-block-heading\">31.05. Esplingerode<\/h4>\n\n\n\n<p>Bettina &#8211; Platz 9<\/p>\n\n\n\n<h4 class=\"wp-block-heading\">&nbsp;<\/h4>\n\n\n\n<h4 class=\"wp-block-heading\">25.05. Gro\u00dfer Preis Borsum<\/h4>\n\n\n\n<p>Smilla &#8211; Platz 7<\/p>\n\n\n\n<p>Finn &#8211; Platz 8<\/p>\n\n\n\n<h4 class=\"wp-block-heading\">&nbsp;<\/h4>\n\n\n\n<h4 class=\"wp-block-heading\">24.05. Oberhausen<\/h4>\n\n\n\n<p>Bettina &#8211; Platz 9<\/p>\n\n\n\n<h4 class=\"wp-block-heading\">&nbsp;<\/h4>\n\n\n\n<h4 class=\"wp-block-heading\">17.05. Ahlen<\/h4>\n\n\n\n<p>Smilla &#8211; Platz 3<\/p>\n\n\n\n<h4 class=\"wp-block-heading\">&nbsp;<\/h4>\n\n\n\n<h4 class=\"wp-block-heading\">10.05. Circuit Cycling Hockenheimring<\/h4>\n\n\n\n<p>Werner &#8211; Platz 3 (Platz 1 AK Master2)<\/p>\n\n\n\n<h4 class=\"wp-block-heading\">10.05. Gro\u00dfer Preis der Sparkasse Bielefeld<\/h4>\n\n\n\n<p>Smilla &#8211; Platz 8 (U13w+m)<\/p>\n\n\n\n<p>Joachim &#8211; Platz 5 (Hobby)<\/p>\n\n\n\n<p>Jan &#8211; Platz 6 (Hobby)<\/p>\n\n\n\n<h4 class=\"wp-block-heading\">&nbsp;<\/h4>\n\n\n\n<h4 class=\"wp-block-heading\">03.05. LVM NRW<\/h4>\n\n\n\n<p>Smilla &#8211; Platz 4 (U13w)<\/p>\n\n\n\n<p>Bettina &#8211; Platz 9 (Elite FT und Elite Frauen)<\/p>\n\n\n\n<p>Finn &#8211; Platz 11 (U19)<\/p>\n\n\n\n<h4 class=\"wp-block-heading\">&nbsp;<\/h4>\n\n\n\n<h4 class=\"wp-block-heading\">19.04. Gro\u00dfer Preis B\u00f6rger<\/h4>\n\n\n\n<p>Smilla &#8211; Platz 3<\/p>\n\n\n\n<h4 class=\"wp-block-heading\">&nbsp;<\/h4>\n\n\n\n<h4 class=\"wp-block-heading\">22.03. Gesmold<\/h4>\n\n\n\n<p>Smilla &#8211; Platz 7<\/p>\n\n\n\n<h4 class=\"wp-block-heading\">&nbsp;<\/h4>\n\n\n\n<h4 class=\"wp-block-heading\">08.03. Alpecin OWL Nachwuchscup G\u00fctersloh<\/h4>\n\n\n\n<p>Finn &#8211; Platz 1 (U19)<\/p>\n\n\n\n<p>Smilla &#8211; Platz 2 (U13)<\/p>\n\n\n\n<h4 class=\"wp-block-heading\">01.03. Alpecin OWL Nachwuchscup Brackwede<\/h4>\n\n\n\n<p>Smilla &#8211; Platz 1 (U13 w)<\/p>\n\n\n\n<p>Finn &#8211; Platz 3 (U19, Elite C, Senioren)<\/p>\n\n\n\n<h4 class=\"wp-block-heading\">&nbsp;<\/h4>\n\n\n\n<h4 class=\"wp-block-heading\">18.01. Finale Stevens Cyclocross Cup Buchholz<\/h4>\n\n\n\n<p>Bettina &#8211; Platz 5 (Frauen Elite)<\/p>\n\n\n\n<p>Mirco &#8211; Platz 3 (Hobby)<\/p>\n\n\n\n<h4 class=\"wp-block-heading\">&nbsp;<\/h4>\n\n\n\n<h4 class=\"wp-block-heading\">11.01. Radcross Deutsche Meisterschaft Borna<\/h4>\n\n\n\n<p>Bettina &#8211; Platz 14 (Frauen Elite)<\/p>\n\n\n\n<p>Mirco &#8211; Platz 4 (Jedermann AK I)<\/p>\n\n\n\n<h2 class=\"wp-block-heading\">Platzierungen \/ Ergebnisse in 2014<\/h2>\n\n\n\n<h4 class=\"wp-block-heading\">31.12. Weser Ems Cup&nbsp; Gesmold<\/h4>\n\n\n\n<p>Jessica &#8211; Platz 1 (Frauen)<\/p>\n\n\n\n<p>Bettina &#8211; Platz 5 (Frauen)<\/p>\n\n\n\n<p>Mirco &#8211; Platz 1 (Hobby)<\/p>\n\n\n\n<p>Jens &#8211; Platz 5 (Senioren 3)<\/p>\n\n\n\n<h4 class=\"wp-block-heading\">28.12. Weser Ems Cup \/ Deutschland Cup Vechta<\/h4>\n\n\n\n<p>Jessica &#8211; Platz 2 (Frauen)<\/p>\n\n\n\n<p>Bettina &#8211; Platz 8 (Frauen)<\/p>\n\n\n\n<p>Mirco &#8211; Platz 4 (Hobby)<\/p>\n\n\n\n<h4 class=\"wp-block-heading\">27.12. Silvestercross Herford<\/h4>\n\n\n\n<p>Jessica &#8211; Platz 1 (Frauen)<\/p>\n\n\n\n<p>Bettina &#8211; Platz 8 (Frauen)<\/p>\n\n\n\n<p>Mirco &#8211; Platz 1 (Hobby)<\/p>\n\n\n\n<h4 class=\"wp-block-heading\">14.12. Weser Ems Cup Emsdetten<\/h4>\n\n\n\n<p>Mirco &#8211; Platz 1 (Hobby)<\/p>\n\n\n\n<h4 class=\"wp-block-heading\">23.11. Landesverbandsmeisterschaft Cross Rheine<\/h4>\n\n\n\n<p>Bettina &#8211; Platz 1 (Frauen Elite) LANDESVERBANDMEISTERIN NRW!!<\/p>\n\n\n\n<p>Jens &#8211; Platz 5 (LVM Senioren 3)<\/p>\n\n\n\n<h4 class=\"wp-block-heading\">&nbsp;<\/h4>\n\n\n\n<h4 class=\"wp-block-heading\">09.11. Stevens Cyclo Cross Cup Kiel<\/h4>\n\n\n\n<p>Mirco &#8211; Platz 3<\/p>\n\n\n\n<p>Marit &#8211; Platz 4<\/p>\n\n\n\n<h4 class=\"wp-block-heading\">&nbsp;<\/h4>\n\n\n\n<h4 class=\"wp-block-heading\">08.11. Europameisterschaft Querfeldein Lorsch<\/h4>\n\n\n\n<p>Jessica &#8211; Platz 9 (Juniorinnen U19)<\/p>\n\n\n\n<h4 class=\"wp-block-heading\">02.11. Deutschland Cup Bad Salzdetfurth<\/h4>\n\n\n\n<p>Jessica &#8211; Platz 1<\/p>\n\n\n\n<p>Bettina &#8211; Platz 5<\/p>\n\n\n\n<p>Mirco &#8211; Platz 1 (Hobby)<\/p>\n\n\n\n<h4 class=\"wp-block-heading\">&nbsp;<\/h4>\n\n\n\n<h4 class=\"wp-block-heading\">01.11. Deutschland Cup Klein Machnow<\/h4>\n\n\n\n<p>Jessica &#8211; Platz 2<\/p>\n\n\n\n<p>Bettina &#8211; Platz 4<\/p>\n\n\n\n<h4 class=\"wp-block-heading\">01.11. Panther Cross Braunschweig-Haxb\u00fcttel<\/h4>\n\n\n\n<p>Mirco &#8211; Platz 3 (Hobby)<\/p>\n\n\n\n<h4 class=\"wp-block-heading\">&nbsp;<\/h4>\n\n\n\n<h4 class=\"wp-block-heading\">19.10. Weser-Ems-Cup Lohne<\/h4>\n\n\n\n<p>Marit &#8211; Platz 2 (Hobby Frauen)<\/p>\n\n\n\n<p>Mirco &#8211; Platz 5 (Hobby)<\/p>\n\n\n\n<h4 class=\"wp-block-heading\">19.10. Deutschland Cup Cross Lohne<\/h4>\n\n\n\n<p>Jessica &#8211; Platz 1 (Frauen Elite)<\/p>\n\n\n\n<p>Bettina &#8211; Platz 5 (Frauen Elite)<\/p>\n\n\n\n<h4 class=\"wp-block-heading\">&nbsp;<\/h4>\n\n\n\n<h4 class=\"wp-block-heading\">18.10. Weser-Ems-Cup Rieste\/ Alfsee<\/h4>\n\n\n\n<p>Mirco &#8211; Platz 1 (Hobby)<\/p>\n\n\n\n<h4 class=\"wp-block-heading\">&nbsp;<\/h4>\n\n\n\n<h4 class=\"wp-block-heading\">11.10. Stevens Cyclo Cross Cup Hannover<\/h4>\n\n\n\n<p>Mirco &#8211; Platz 2 (Hobby)0<\/p>\n\n\n\n<h4 class=\"wp-block-heading\">03.10. Deutschland Cup Hamburg Horn<\/h4>\n\n\n\n<p>Jessica &#8211; Platz 1 (Frauen Elite)<\/p>\n\n\n\n<p>Bettina &#8211; Platz 3 (Frauen Elite)<\/p>\n\n\n\n<h4 class=\"wp-block-heading\">03.10. Stevens Cyclo Cross Cup Hamburg Horn<\/h4>\n\n\n\n<p>Mirco &#8211; Platz 4 (Hobby)<\/p>\n\n\n\n<h4 class=\"wp-block-heading\">28.09. Braunschweiger Cross Serie Lauf 1<\/h4>\n\n\n\n<p>Bettina &#8211; Platz 2 (Frauen Elite)<\/p>\n\n\n\n<h4 class=\"wp-block-heading\">13.09. Olmsruh 3&#215;10&nbsp; (EZF)<\/h4>\n\n\n\n<p>Dario &#8211; Platz 3 (Gesamt), Platz 1 (AK M40)<\/p>\n\n\n\n<p>Felicitas &#8211; Platz 10 (Gesamt), Platz 1 (AK W20)<\/p>\n\n\n\n<p>Teamwertung Damen (Felicitas, Marit, Silke) &#8211; Platz 2<\/p>\n\n\n\n<p>Teamwertung Herren (Dario, Lars, Mirco) &#8211; Platz 2<\/p>\n\n\n\n<h4 class=\"wp-block-heading\">&nbsp;<\/h4>\n\n\n\n<h4 class=\"wp-block-heading\">07.09. Bezirksmeisterschaften Dortmund<\/h4>\n\n\n\n<p>Smilla &#8211; Platz 1 (U11 w)<\/p>\n\n\n\n<h4 class=\"wp-block-heading\">07.09. Stunde von Banzau (EZF)<\/h4>\n\n\n\n<p>Paradee &#8211; Platz 7 (Gesamt), Platz 2 (AK Fr.)<\/p>\n\n\n\n<p>Dario &#8211; Platz 4 (Gesamt), Platz 2 (AK M40)<\/p>\n\n\n\n<p>Werner &#8211; Platz 6 (Gesamt), Platz 4 (AK M40)<\/p>\n\n\n\n<h4 class=\"wp-block-heading\">&nbsp;<\/h4>\n\n\n\n<h4 class=\"wp-block-heading\">14.08. K\u00f6lken-Cup (EZF)<\/h4>\n\n\n\n<p>Dario &#8211; Platz 1<\/p>\n\n\n\n<p>Felicitas &#8211; Platz 4<\/p>\n\n\n\n<h4 class=\"wp-block-heading\">09.08. Hamburg Rad Race Last Man Standing x Fixed<\/h4>\n\n\n\n<p>Simon &#8211; Platz 2<\/p>\n\n\n\n<h4 class=\"wp-block-heading\">&nbsp;<\/h4>\n\n\n\n<h4 class=\"wp-block-heading\">01.08. Delbr\u00fcck (EZF)<\/h4>\n\n\n\n<p>Dario &#8211; Platz 1<\/p>\n\n\n\n<p>Werner &#8211; Platz 4<\/p>\n\n\n\n<h4 class=\"wp-block-heading\">26.\/ 27.07. Rad am Ring 24h-4er-Teams<\/h4>\n\n\n\n<p>Sprintax 1<em> (Dario\/ Lars\/ Frederik\/ Karsten)<\/em> &#8211; Platz 2 (MAS1), Platz 5 (Gesamt)<\/p>\n\n\n\n<p>Sprintax 3<em> (Dietrich\/ Martin\/ Rudolf\/ ThomasG)<\/em> &#8211; Platz 12 (MAS3)<\/p>\n\n\n\n<h4 class=\"wp-block-heading\">&nbsp;<\/h4>\n\n\n\n<h4 class=\"wp-block-heading\">12.07. Weser-Ems-Pokal Aschendorf (EZF)<\/h4>\n\n\n\n<p>Lars &#8211; Platz 2 (Hobby Senioren)<\/p>\n\n\n\n<p>Smilla &#8211; Platz 1 (Sch\u00fcler U11)<\/p>\n\n\n\n<h4 class=\"wp-block-heading\">29.06. Velo Challenge Hannover<\/h4>\n\n\n\n<p>Gisela &#8211; Platz 4 (Frauen)<\/p>\n\n\n\n<h4 class=\"wp-block-heading\">&nbsp;<\/h4>\n\n\n\n<h4 class=\"wp-block-heading\">29.06. Radsporttag Gelsenkirchen<\/h4>\n\n\n\n<p>Simon &#8211; Platz 1&nbsp;&nbsp;&nbsp;&nbsp; AUFSTIEG in die B-Klasse!!!!!!!<\/p>\n\n\n\n<h4 class=\"wp-block-heading\">&nbsp;<\/h4>\n\n\n\n<h4 class=\"wp-block-heading\">27.06. Neheim \/ Arnsberg<\/h4>\n\n\n\n<p>Simon &#8211; Platz 4 (B\/ C)<\/p>\n\n\n\n<h4 class=\"wp-block-heading\">&nbsp;<\/h4>\n\n\n\n<h4 class=\"wp-block-heading\">22.06. 1. Hochsauerland Challenge<\/h4>\n\n\n\n<p>Werner &#8211; Platz 1 (Jedermann 104 km)<\/p>\n\n\n\n<h4 class=\"wp-block-heading\">&nbsp;<\/h4>\n\n\n\n<h4 class=\"wp-block-heading\">19.06. Westfalenmeisterschaft<\/h4>\n\n\n\n<p>Simon &#8211; Platz 3 (KT \/ A \/ B \/ C) \/ Platz 2 Bezirk OWL<\/p>\n\n\n\n<h4 class=\"wp-block-heading\">&nbsp;<\/h4>\n\n\n\n<h4 class=\"wp-block-heading\">15.06. B\u00fcnde<\/h4>\n\n\n\n<p>Smilla &#8211; Platz 1 U11<\/p>\n\n\n\n<h4 class=\"wp-block-heading\">&nbsp;<\/h4>\n\n\n\n<h4 class=\"wp-block-heading\">14.06. B\/C Remlingen<\/h4>\n\n\n\n<p>Simon &#8211; Platz 8<br>Werner &#8211; Platz 17<\/p>\n\n\n\n<h4 class=\"wp-block-heading\">&nbsp;<\/h4>\n\n\n\n<h4 class=\"wp-block-heading\">12.06. S\u00fcnninghausen (Jedermann-EZF)<\/h4>\n\n\n\n<p>Dario &#8211; Platz 1 (Gesamt), Platz 1 (AK MS1)<br>Lars &#8211; Platz 3 (AK MS2)<br>Viktor &#8211; Platz 2 (AK MS3)<br>Felicitas &#8211; Platz 1 (AK WEL)<br>Manuela &#8211; Platz 1 (AK WS2)<\/p>\n\n\n\n<h4 class=\"wp-block-heading\">&nbsp;<\/h4>\n\n\n\n<h4 class=\"wp-block-heading\">01.06. Rund um den Kreuzberg Krefeld<\/h4>\n\n\n\n<p>Smilla Anouk Eickhoff &#8211; Platz 2 (Sch\u00fcler U11)<\/p>\n\n\n\n<h4 class=\"wp-block-heading\">&nbsp;<\/h4>\n\n\n\n<h4 class=\"wp-block-heading\">31.05. Rad Race Street Hunt Hamburg<\/h4>\n\n\n\n<p>Simon Herr &#8211; Platz 1 (Fixed Category)<\/p>\n\n\n\n<h4 class=\"wp-block-heading\">&nbsp;<\/h4>\n\n\n\n<h4 class=\"wp-block-heading\">31.05. Ahlen<\/h4>\n\n\n\n<p>Smilla Anouk Eickhoff &#8211; Platz 2 (Sch\u00fcler U11)<\/p>\n\n\n\n<p>Werner Grundk\u00f6tter &#8211; Platz 15 (M\u00e4nner C)<\/p>\n\n\n\n<h4 class=\"wp-block-heading\">&nbsp;<\/h4>\n\n\n\n<h4 class=\"wp-block-heading\">17.05. Vereinsmeisterschaften Einzelzeitfahren<\/h4>\n\n\n\n<p>u50 &#8211; Dario, Werner, Lars<\/p>\n\n\n\n<p>\u00fc50 &#8211; Viktor, Ulrich, Franky<\/p>\n\n\n\n<p>Frauen &#8211; Felicitas, Esther, Manuela<\/p>\n\n\n\n<h4 class=\"wp-block-heading\">&nbsp;<\/h4>\n\n\n\n<h4 class=\"wp-block-heading\">13.05. Vereinsmeisterschaften Stra\u00dfe<\/h4>\n\n\n\n<p>u50 &#8211; Werner, Simon, Dario<\/p>\n\n\n\n<p>\u00fc50 &#8211; Franky ThomasG, Viktor<\/p>\n\n\n\n<p>Frauen &#8211; Esther<\/p>\n\n\n\n<h4 class=\"wp-block-heading\">11.05. Gro\u00dfer Preis der Sparkasse Bielefeld<\/h4>\n\n\n\n<p>Jan &#8211; Platz 1 (Hobby)<\/p>\n\n\n\n<p>Tobias &#8211; Platz 2 (Hobby)<\/p>\n\n\n\n<h4 class=\"wp-block-heading\">&nbsp;<\/h4>\n\n\n\n<h4 class=\"wp-block-heading\">10.05. BITel Radrenntag Halle\/ Westf.<\/h4>\n\n\n\n<p>Smilla Anouk Eickhoff &#8211; Platz 3 (Sch\u00fcler U11)<\/p>\n\n\n\n<h4 class=\"wp-block-heading\">&nbsp;<\/h4>\n\n\n\n<h4 class=\"wp-block-heading\">04.05. Landesverbands-Meisterschaft NRW 1er-Stra\u00dfe Herbram<\/h4>\n\n\n\n<p>Smilla Anouk Eickhoff &#8211; Platz 1 (Sch\u00fclerinnen U11)<\/p>\n\n\n\n<p>Bettina Lembracht &#8211; Platz 9 (Elite Frauen)<\/p>\n\n\n\n<p>Simon Herr &#8211; Platz 20 (M\u00e4nner C)<\/p>\n\n\n\n<h4 class=\"wp-block-heading\">&nbsp;<\/h4>\n\n\n\n<h4 class=\"wp-block-heading\">27.04. Rund in Hamm<\/h4>\n\n\n\n<p>Simon Herr &#8211; Platz 11 (M\u00e4nner C)<\/p>\n\n\n\n<h4 class=\"wp-block-heading\">12.04. Bramscher Berg<\/h4>\n\n\n\n<p>Bettina Lambracht &#8211; Platz 6 (Elite Frauen)<\/p>\n\n\n\n<h4 class=\"wp-block-heading\">&nbsp;<\/h4>\n\n\n\n<h4 class=\"wp-block-heading\">06.04. Fr\u00fchjahrspreis B\u00f6rger<\/h4>\n\n\n\n<p>Smilla Anouk Eickhoff &#8211; Platz 4 (Sch\u00fcler U11)<\/p>\n\n\n\n<h4 class=\"wp-block-heading\">&nbsp;<\/h4>\n\n\n\n<h4 class=\"wp-block-heading\">23.03. Er\u00f6ffnung Radbahn H\u00fcsten (Arnsberg)<\/h4>\n\n\n\n<p>Smilla Anouk Eickhoff &#8211; Platz 4 (Sch\u00fcler U11)<\/p>\n\n\n\n<h4 class=\"wp-block-heading\">&nbsp;<\/h4>\n\n\n\n<h4 class=\"wp-block-heading\">09.03. Fr\u00fchjahrsrennen in Herford<\/h4>\n\n\n\n<p>Simon Herr &#8211; Platz 5 (C-Klasse)<\/p>\n\n\n\n<p>Jessica Lambracht &#8211; Platz 5 (Frauen-Elite)<\/p>\n\n\n\n<p>Bettina Lambracht &#8211; Platz 13 (Frauen-Elite)<\/p>\n\n\n\n<h4 class=\"wp-block-heading\">01.02. Cross-WM in Hoogerheide, Niederlande<\/h4>\n\n\n\n<p>Jessica Lambracht &#8211; Platz 23 (Frauen-Elite)<\/p>\n\n\n\n<h4 class=\"wp-block-heading\">12.01. Cross-DM in D\u00f6hlau bei Hof<\/h4>\n\n\n\n<p>Jessica Lambracht &#8211; Platz 5<\/p>\n\n\n\n<p>Bettina Lambracht &#8211; Platz 18<\/p>\n\n\n\n<p>(beide in der Klasse Frauen-Elite)<\/p>\n\n\n\n<h2 class=\"wp-block-heading\">Platzierungen \/ Ergebnisse in 2013<\/h2>\n\n\n\n<h4 class=\"wp-block-heading\">28.09. Vereinsmeisterschaften Bergzeitfahren \/ Luisenturm<\/h4>\n\n\n\n<p>Simon Herr &#8211; Platz 1<\/p>\n\n\n\n<p>Lars Riedl &#8211; Platz 2<\/p>\n\n\n\n<p>Dario Wildmann &#8211; Platz 3<\/p>\n\n\n\n<h4 class=\"wp-block-heading\">27.09. Vereinsmeisterschaften Zeitfahren \/ Bexterhagen<\/h4>\n\n\n\n<p>Dario Wildmann &#8211; Platz 1<\/p>\n\n\n\n<p>Lars Riedl &#8211; Platz 2<\/p>\n\n\n\n<p>Simon Herr &#8211; Platz 3<\/p>\n\n\n\n<p>Offene Sommerbahnmeisterschaften der Lizenzfahrer auf der Bielefelder Radrennbahn<\/p>\n\n\n\n<p>Finn Aris Eickhoff &#8211; Gesamtwertung Platz 1 in der U17<\/p>\n\n\n\n<h4 class=\"wp-block-heading\">25.08. \u00d6tztal Marathon \/ S\u00f6lden<\/h4>\n\n\n\n<p>Werner Grundk\u00f6tter &#8211; Platz 62; AK M1 Platz 23<\/p>\n\n\n\n<p>Simon Herr &#8211; Platz 218; AK AK Platz 88<\/p>\n\n\n\n<p>Lars Riedl &#8211; Platz 437; AK M1 Platz 246<\/p>\n\n\n\n<p>Ragnar Thiel &#8211; Platz 484; AK M1 Platz 278<\/p>\n\n\n\n<p>Wolfgang Mans &#8211; Platz 1886; AK M3 Platz 42<\/p>\n\n\n\n<h4 class=\"wp-block-heading\">18.08. Norderstedter Stadtrennen<\/h4>\n\n\n\n<p>Bettina Lambracht &#8211; Platz 2<\/p>\n\n\n\n<h4 class=\"wp-block-heading\">09.08. Zeitfahren Delbr\u00fcck<\/h4>\n\n\n\n<p>Dario Wildmann &#8211; Platz 2; AK MU50 Platz 1<\/p>\n\n\n\n<h4 class=\"wp-block-heading\">04.08. Zeitfahren &#8222;Stunde von Banzau&#8220;<\/h4>\n\n\n\n<p>Dario Wildmann &#8211; Platz 2; AK M40 Platz 2<\/p>\n\n\n\n<h4 class=\"wp-block-heading\">11.07. K\u00f6lken-Cup \/ Hesselteich<\/h4>\n\n\n\n<p>Dario Wildmann &#8211; Platz 1<\/p>\n\n\n\n<p>Lars Riedl &#8211; Platz 12; AK M40 Platz 8<\/p>\n\n\n\n<p>Viktor Weber &#8211; Platz 33; AK M50 Platz 3<\/p>\n\n\n\n<h4 class=\"wp-block-heading\">06. &#8211; 14.07. PeakBreak \/ \u00d6sterreich-Italien<\/h4>\n\n\n\n<p>Gesamtwertung: Werner Grundk\u00f6tter &#8211; Platz 9; AK Master1 Platz 6<\/p>\n\n\n\n<p>Etappe 3: Werner Grundk\u00f6tter &#8211; Platz 5; AK Master1 Platz 3<\/p>\n\n\n\n<p>Etappe 4: Werner Grundk\u00f6tter &#8211; Platz 1<\/p>\n\n\n\n<h4 class=\"wp-block-heading\">22.06. Nacht von Himmelsth\u00fcr \/ Hildesheim<\/h4>\n\n\n\n<p>Bettina Lambracht &#8211; Platz 4<\/p>\n\n\n\n<p>Tristan Spie\u00df &#8211; Platz 3<\/p>\n\n\n\n<h4 class=\"wp-block-heading\">15.06. V\u00e4ttern-Rundan \/ Schweden<\/h4>\n\n\n\n<p>Werner Grundk\u00f6tter &#8211; 300 km in 8 Stunden 8 Minuten<\/p>\n\n\n\n<h4 class=\"wp-block-heading\">30.05. Rund in B\u00fcnde (Westfalenmeisterschaft)<\/h4>\n\n\n\n<p>Bettina Lambracht &#8211; Platz 4<\/p>\n\n\n\n<p>Tristan Spie\u00df &#8211; Platz 2<\/p>\n\n\n\n<h4 class=\"wp-block-heading\">14. &#8211; 19.05. Tour de K\u00e4rnten \/ Ossiach<\/h4>\n\n\n\n<p>Gesamtwertung: Lars Riedl &#8211; Platz 18; AK M40 Platz 7<\/p>\n\n\n\n<p>Etappe 1 (Zeitfahren): Dario Wildmann &#8211; Platz 4; AK M40 Platz 1<\/p>\n\n\n\n<p>Etappe 2: Dario Wildmann &#8211; Platz 7; AK M40 Platz 3<\/p>\n\n\n\n<p>Etappe 5: Werner Grundk\u00f6tter &#8211; Platz 7; AK M40 Platz 3<\/p>\n\n\n\n<p>Etappe 6: Dario Wildmann &#8211; Platz 3; AK M40 Platz 1<\/p>\n\n\n\n<h4 class=\"wp-block-heading\">04.05. Landesverbandsmeisterschaft Zeitfahren \/ Hameln<\/h4>\n\n\n\n<p>Dario Wildmann &#8211; Platz 1 (20 km Rennen)<\/p>\n\n\n\n<p>Jan Horstkotte &#8211; Platz 3 (10 km Rennen)<\/p>\n\n\n\n<h4 class=\"wp-block-heading\">21.04. Bezirksmeisterschaften Gesmold<\/h4>\n\n\n\n<p>Bettina Lambracht &#8211; Platz 4<\/p>\n","protected":false},"excerpt":{"rendered":"<p>Aktuelle (und vergangene) Ergebnisse der Sprintaxe bei Lizenzrennen und Jedermannveranstaltungen<\/p>\n","protected":false},"author":1,"featured_media":0,"parent":0,"menu_order":0,"comment_status":"closed","ping_status":"open","template":"","meta":{"neve_meta_sidebar":"","neve_meta_container":"","neve_meta_enable_content_width":"","neve_meta_content_width":0,"neve_meta_title_alignment":"","neve_meta_author_avatar":"","neve_post_elements_order":"","neve_meta_disable_header":"","neve_meta_disable_footer":"","neve_meta_disable_title":"","footnotes":""},"class_list":["post-3832","page","type-page","status-publish","hentry"],"_links":{"self":[{"href":"https:\/\/sprintax.de\/wordpress\/wp-json\/wp\/v2\/pages\/3832","targetHints":{"allow":["GET"]}}],"collection":[{"href":"https:\/\/sprintax.de\/wordpress\/wp-json\/wp\/v2\/pages"}],"about":[{"href":"https:\/\/sprintax.de\/wordpress\/wp-json\/wp\/v2\/types\/page"}],"author":[{"embeddable":true,"href":"https:\/\/sprintax.de\/wordpress\/wp-json\/wp\/v2\/users\/1"}],"replies":[{"embeddable":true,"href":"https:\/\/sprintax.de\/wordpress\/wp-json\/wp\/v2\/comments?post=3832"}],"version-history":[{"count":70,"href":"https:\/\/sprintax.de\/wordpress\/wp-json\/wp\/v2\/pages\/3832\/revisions"}],"predecessor-version":[{"id":12794,"href":"https:\/\/sprintax.de\/wordpress\/wp-json\/wp\/v2\/pages\/3832\/revisions\/12794"}],"wp:attachment":[{"href":"https:\/\/sprintax.de\/wordpress\/wp-json\/wp\/v2\/media?parent=3832"}],"curies":[{"name":"wp","href":"https:\/\/api.w.org\/{rel}","templated":true}]}}